{"id":4312,"date":"2022-06-15T10:08:49","date_gmt":"2022-06-15T13:08:49","guid":{"rendered":"https:\/\/serstella.com.br\/site\/?page_id=4312"},"modified":"2022-06-29T16:25:39","modified_gmt":"2022-06-29T19:25:39","slug":"comunidade-estrategia-pedagogica","status":"publish","type":"page","link":"https:\/\/serstella.com.br\/site\/comunidade-estrategia-pedagogica\/","title":{"rendered":"Comunidade"},"content":{"rendered":"<p>[et_pb_section fb_built=&#8221;1&#8243; fullwidth=&#8221;on&#8221; admin_label=&#8221;Hero&#8221; _builder_version=&#8221;4.17.3&#8243; use_background_color_gradient=&#8221;on&#8221; background_color_gradient_direction=&#8221;90deg&#8221; background_color_gradient_stops=&#8221;#eeeff2 33%|rgba(238,239,242,0) 52%&#8221; background_color_gradient_overlays_image=&#8221;on&#8221; background_color_gradient_start=&#8221;#eeeff2&#8243; background_color_gradient_start_position=&#8221;33%&#8221; background_color_gradient_end=&#8221;rgba(238,239,242,0)&#8221; background_color_gradient_end_position=&#8221;52%&#8221; background_image=&#8221;https:\/\/serstella.com.br\/site\/wp-content\/uploads\/2022\/06\/246055317_1058932511521066_4178682421399307097_n.jpg&#8221; background_position=&#8221;top_center&#8221; background_vertical_offset=&#8221;42%&#8221; global_colors_info=&#8221;{}&#8221;][et_pb_fullwidth_header title=&#8221;base pedag\u00f3gica&#8221; subhead=&#8221;Comunidade&#8221; content_max_width=&#8221;600px&#8221; _builder_version=&#8221;4.17.3&#8243; title_font=&#8221;Rubik|700||on|||||&#8221; title_text_color=&#8221;#ff7355&#8243; title_font_size=&#8221;16px&#8221; title_letter_spacing=&#8221;5px&#8221; title_line_height=&#8221;0.5em&#8221; content_font=&#8221;Rubik||||||||&#8221; content_font_size=&#8221;18px&#8221; subhead_font=&#8221;Rubik|700|||||||&#8221; subhead_text_color=&#8221;rgba(0,0,0,0.8)&#8221; subhead_font_size=&#8221;50px&#8221; subhead_line_height=&#8221;1.5em&#8221; background_color=&#8221;rgba(255,255,255,0)&#8221; use_background_color_gradient=&#8221;on&#8221; background_color_gradient_stops=&#8221;rgba(255,255,255,0) 50%|rgba(255,255,255,0.7) 100%&#8221; background_color_gradient_start=&#8221;rgba(255,255,255,0)&#8221; background_color_gradient_start_position=&#8221;50%&#8221; background_color_gradient_end=&#8221;rgba(255,255,255,0.7)&#8221; background_size=&#8221;contain&#8221; background_position=&#8221;bottom_center&#8221; custom_button_one=&#8221;on&#8221; button_one_text_size=&#8221;16px&#8221; button_one_text_color=&#8221;#ffffff&#8221; button_one_bg_color=&#8221;#ff7355&#8243; button_one_border_width=&#8221;15px&#8221; button_one_border_color=&#8221;rgba(210,159,104,0)&#8221; button_one_border_radius=&#8221;100px&#8221; button_one_letter_spacing=&#8221;0px&#8221; button_one_font=&#8221;Rubik|700|||||||&#8221; button_one_use_icon=&#8221;off&#8221; custom_button_two=&#8221;on&#8221; button_two_text_size=&#8221;16px&#8221; button_two_text_color=&#8221;#ffffff&#8221; button_two_bg_color=&#8221;rgba(0,0,0,0.6)&#8221; button_two_border_width=&#8221;15px&#8221; button_two_border_color=&#8221;rgba(210,159,104,0)&#8221; button_two_border_radius=&#8221;100px&#8221; button_two_letter_spacing=&#8221;0px&#8221; button_two_font=&#8221;Rubik|700|||||||&#8221; button_two_use_icon=&#8221;off&#8221; background_layout=&#8221;light&#8221; max_width_last_edited=&#8221;off|desktop&#8221; module_alignment=&#8221;center&#8221; custom_margin=&#8221;|||&#8221; custom_padding=&#8221;8vw||4vw|&#8221; subhead_font_size_tablet=&#8221;&#8221; subhead_font_size_phone=&#8221;30px&#8221; subhead_font_size_last_edited=&#8221;on|phone&#8221; button_one_border_radius_hover=&#8221;100px&#8221; button_two_border_radius_hover=&#8221;100px&#8221; button_one_bg_color_hover=&#8221;#ff8a70&#8243; button_two_bg_color_hover=&#8221;#ff8a70&#8243; global_colors_info=&#8221;{}&#8221; button_one_text_size__hover_enabled=&#8221;off&#8221; button_two_text_size__hover_enabled=&#8221;off&#8221; button_one_text_color__hover_enabled=&#8221;off&#8221; button_two_text_color__hover_enabled=&#8221;off&#8221; button_one_border_width__hover_enabled=&#8221;off&#8221; button_two_border_width__hover_enabled=&#8221;off&#8221; button_one_border_color__hover_enabled=&#8221;off&#8221; button_two_border_color__hover_enabled=&#8221;off&#8221; button_one_border_radius__hover_enabled=&#8221;on&#8221; button_one_border_radius__hover=&#8221;100px&#8221; button_two_border_radius__hover_enabled=&#8221;on&#8221; button_two_border_radius__hover=&#8221;100px&#8221; button_one_letter_spacing__hover_enabled=&#8221;off&#8221; button_two_letter_spacing__hover_enabled=&#8221;off&#8221; button_one_bg_color__hover_enabled=&#8221;on&#8221; button_one_bg_color__hover=&#8221;#ff8a70&#8243; button_two_bg_color__hover_enabled=&#8221;on&#8221; button_two_bg_color__hover=&#8221;#ff8a70&#8243;]<\/p>\n<p>&#8220;<span style=\"font-weight: 400;\">\u00c0s vezes, ou\u00e7o o vento, e s\u00f3 de ouvir o <\/span><\/p>\n<p><span style=\"font-weight: 400;\">vento passar, vale a pena ter nascido<\/span>&#8221; <br \/>Fernando Pessoa<\/p>\n<p>[\/et_pb_fullwidth_header][\/et_pb_section][et_pb_section fb_built=&#8221;1&#8243; _builder_version=&#8221;4.16&#8243; background_color=&#8221;#3a5063&#8243; background_size=&#8221;contain&#8221; background_position=&#8221;top_center&#8221; custom_padding=&#8221;|||&#8221; global_colors_info=&#8221;{}&#8221;][et_pb_row column_structure=&#8221;1_4,1_4,1_4,1_4&#8243; admin_label=&#8221;Image Row&#8221; _builder_version=&#8221;4.16&#8243; global_colors_info=&#8221;{}&#8221;][et_pb_column type=&#8221;1_4&#8243; _builder_version=&#8221;4.16&#8243; custom_padding=&#8221;|||&#8221; global_colors_info=&#8221;{}&#8221; custom_padding__hover=&#8221;|||&#8221;][et_pb_image src=&#8221;https:\/\/serstella.com.br\/site\/wp-content\/uploads\/2022\/06\/Educadoras.jpeg&#8221; title_text=&#8221;Educadoras&#8221; align_tablet=&#8221;center&#8221; align_phone=&#8221;&#8221; align_last_edited=&#8221;on|desktop&#8221; _builder_version=&#8221;4.17.3&#8243; animation_style=&#8221;zoom&#8221; animation_intensity_zoom=&#8221;10%&#8221; border_radii=&#8221;on|10px|10px|10px|10px&#8221; global_colors_info=&#8221;{}&#8221;][\/et_pb_image][\/et_pb_column][et_pb_column type=&#8221;1_4&#8243; _builder_version=&#8221;4.16&#8243; custom_padding=&#8221;|||&#8221; global_colors_info=&#8221;{}&#8221; custom_padding__hover=&#8221;|||&#8221;][et_pb_image src=&#8221;https:\/\/serstella.com.br\/site\/wp-content\/uploads\/2022\/06\/WhatsApp-Image-2022-05-02-at-22.15.55.jpeg&#8221; title_text=&#8221;WhatsApp Image 2022-05-02 at 22.15.55&#8243; force_fullwidth=&#8221;on&#8221; align_tablet=&#8221;center&#8221; align_phone=&#8221;&#8221; align_last_edited=&#8221;on|desktop&#8221; _builder_version=&#8221;4.17.3&#8243; animation_style=&#8221;zoom&#8221; animation_intensity_zoom=&#8221;10%&#8221; border_radii=&#8221;on|10px|10px|10px|10px&#8221; global_colors_info=&#8221;{}&#8221;][\/et_pb_image][\/et_pb_column][et_pb_column type=&#8221;1_4&#8243; _builder_version=&#8221;4.16&#8243; custom_padding=&#8221;|||&#8221; global_colors_info=&#8221;{}&#8221; custom_padding__hover=&#8221;|||&#8221;][et_pb_image src=&#8221;https:\/\/serstella.com.br\/site\/wp-content\/uploads\/2022\/06\/PHOTO-2021-12-21-16-21-59-e1655302436778.jpg&#8221; title_text=&#8221;PHOTO-2021-12-21-16-21-59&#8243; align_tablet=&#8221;center&#8221; align_phone=&#8221;&#8221; align_last_edited=&#8221;on|desktop&#8221; _builder_version=&#8221;4.17.3&#8243; animation_style=&#8221;zoom&#8221; animation_intensity_zoom=&#8221;10%&#8221; border_radii=&#8221;on|10px|10px|10px|10px&#8221; global_colors_info=&#8221;{}&#8221;][\/et_pb_image][\/et_pb_column][et_pb_column type=&#8221;1_4&#8243; _builder_version=&#8221;4.16&#8243; custom_padding=&#8221;|||&#8221; global_colors_info=&#8221;{}&#8221; custom_padding__hover=&#8221;|||&#8221;][et_pb_image src=&#8221;https:\/\/serstella.com.br\/site\/wp-content\/uploads\/2022\/06\/9cb56364-a2f7-4eb5-aa56-91088db1bf46.jpg&#8221; title_text=&#8221;9cb56364-a2f7-4eb5-aa56-91088db1bf46&#8243; align_tablet=&#8221;center&#8221; align_phone=&#8221;&#8221; align_last_edited=&#8221;on|desktop&#8221; _builder_version=&#8221;4.17.3&#8243; animation_style=&#8221;zoom&#8221; animation_intensity_zoom=&#8221;10%&#8221; border_radii=&#8221;on|10px|10px|10px|10px&#8221; global_colors_info=&#8221;{}&#8221;][\/et_pb_image][\/et_pb_column][\/et_pb_row][et_pb_row column_structure=&#8221;1_2,1_2&#8243; _builder_version=&#8221;4.16&#8243; global_colors_info=&#8221;{}&#8221;][et_pb_column type=&#8221;1_2&#8243; _builder_version=&#8221;4.16&#8243; custom_padding=&#8221;|||&#8221; global_colors_info=&#8221;{}&#8221; custom_padding__hover=&#8221;|||&#8221;][et_pb_text _builder_version=&#8221;4.17.3&#8243; text_font=&#8221;Rubik|500|||||||&#8221; text_font_size=&#8221;16px&#8221; text_line_height=&#8221;2em&#8221; quote_font=&#8221;||||||||&#8221; header_font=&#8221;||||||||&#8221; header_2_font=&#8221;Rubik|700|||||||&#8221; header_2_font_size=&#8221;40px&#8221; header_2_line_height=&#8221;1.4em&#8221; header_5_font=&#8221;Rubik|700||on|||||&#8221; header_5_letter_spacing=&#8221;5px&#8221; header_5_line_height=&#8221;1.2em&#8221; background_layout=&#8221;dark&#8221; max_width=&#8221;600px&#8221; max_width_tablet=&#8221;&#8221; max_width_phone=&#8221;&#8221; max_width_last_edited=&#8221;on|phone&#8221; custom_margin=&#8221;|||&#8221; custom_margin_tablet=&#8221;|70px||70px&#8221; custom_margin_phone=&#8221;|50px||50px&#8221; custom_margin_last_edited=&#8221;off|desktop&#8221; custom_padding=&#8221;|||&#8221; text_line_height_last_edited=&#8221;off|desktop&#8221; header_2_font_size_tablet=&#8221;&#8221; header_2_font_size_phone=&#8221;30px&#8221; header_2_font_size_last_edited=&#8221;on|phone&#8221; global_colors_info=&#8221;{}&#8221;]<\/p>\n<p><span style=\"font-weight: 400;\">A Escola configura-se como a inst\u00e2ncia que, erigida por um coletivo, incumbe-se de garantir que as novas gera\u00e7\u00f5es tenham acesso ao legado cultural da humanidade, em harmonia, alegria e consci\u00eancia. \u00c9 um espa\u00e7o muito maior que a geografia e hist\u00f3ria, pois permeia o cora\u00e7\u00e3o e inten\u00e7\u00e3o de muitos, onde a educa\u00e7\u00e3o se d\u00e1 de forma intencional por\u00e9m fluida, estruturada por\u00e9m respeitosa, sistematizada e expl\u00edcita por\u00e9m harm\u00f4nica e profunda.<\/span><\/p>\n<p><span style=\"font-weight: 400;\">Sob a \u00f3tica do<em> Centro Educacional Ser Stella<\/em>, na escola, o conhecimento cient\u00edfico deve ser constru\u00eddo ativamente, revestindo-se de criticidade, coletividade, coopera\u00e7\u00e3o e consci\u00eancia social, colaborando para o avan\u00e7o integral de todos seres vivos.<\/span><\/p>\n<p><span style=\"font-weight: 400;\">A concep\u00e7\u00e3o de escola do <em>Ser Stella<\/em> baseia-se na ideia de Egr\u00e9gora, trazendo o territ\u00f3rio coletivo, hist\u00f3rico, social, pol\u00edtico, filos\u00f3fico, afetivo, multicultural, comunit\u00e1rio e democr\u00e1tico, onde os indiv\u00edduos envolvidos (pais, educadores e educandos) possam manifestar suas subjetividades, com a certeza de que ser\u00e3o acolhidos dentro de suas particularidades, necessidades e perspectivas, com dignidade, solidariedade e respeito.<\/span><\/p>\n<p><span style=\"font-weight: 400;\">Sob a perspectiva pedag\u00f3gico-filos\u00f3fica do Ser Stella, a educa\u00e7\u00e3o \u00e9 integral, no sentido de que somos todos seres complexos. Acreditamos que a educa\u00e7\u00e3o deve garantir o desenvolvimento dos sujeitos em todas as suas dimens\u00f5es \u2013 intelectual, \u00e9tica, est\u00e9tica, f\u00edsica, emocional, social, pol\u00edtica e cultural. O educando que sai do espa\u00e7o escolar n\u00e3o deixa de refletir, aprender e construir ao ultrapassar os muros da escola. O que ele vive aqui, reflete em sua casa e vice-versa. Por isso, vivenciamos a educa\u00e7\u00e3o de maneira integral, no sentido de estarmos alinhados, escola e fam\u00edlia, orquestrando valores, trocando experi\u00eancias e possibilidades.<\/span><\/p>\n<p><span style=\"font-weight: 400;\">No<em> Ser Stella<\/em>, a fam\u00edlia \u00e9 parte fundamental da constru\u00e7\u00e3o do projeto como um todo. Aqui os pais se envolvem diretamente em todos os n\u00edveis da organiza\u00e7\u00e3o escolar: administrativo, financeiro, infraestrutural, pedag\u00f3gico etc. N\u00e3o h\u00e1 restri\u00e7\u00e3o alguma quanto \u00e0 presen\u00e7a e participa\u00e7\u00e3o da fam\u00edlia no cotidiano escolar, pelo contr\u00e1rio, diariamente temos pais e m\u00e3es circulando pelo espa\u00e7o, auxiliando as crian\u00e7as e educadores no dia a dia da escola, atrav\u00e9s de organiza\u00e7\u00f5es de Comiss\u00f5es. Para pertencer \u00e0s Comiss\u00f5es \u00e9 preciso respeitar e participar ativamente do coletivo, compactuando e estando ciente do nosso regimento, bem como miss\u00e3o, vis\u00e3o e valores.<\/span><\/p>\n<p><span style=\"font-weight: 400;\">Cabe salientar que o<em> Centro Educacional Ser Stella<\/em> \u00e9 uma comunidade aprendente e que, desde sua concep\u00e7\u00e3o, foi planejado e constru\u00eddo por muitas m\u00e3os, vozes e cabe\u00e7as, e possui um perfil coletivo, colaborativo e comunit\u00e1rio. Em outras palavras, n\u00e3o somos como uma escola particular, onde os pais matriculam seus filhos e delegam sua educa\u00e7\u00e3o formal a uma institui\u00e7\u00e3o de ensino. Aqui, todos somos educadores e educandos, pais, filhos e colaboradores, convivemos e aprendemos juntos e, juntos, trilhamos nosso caminho.<\/span><\/p>\n<p><span style=\"font-weight: 400;\">Al\u00e9m disso, possu\u00edmos projetos e a\u00e7\u00f5es para aproximar ainda mais fam\u00edlias e comunidade circundante, como a\u00e7\u00f5es culturais e sociais diversas, cursos de viv\u00eancias e forma\u00e7\u00f5es, feiras para auxiliar produtores locais, que incentiva o com\u00e9rcio local e tamb\u00e9m a produ\u00e7\u00e3o familiar de alimentos e org\u00e2nicos. Todas essas experi\u00eancias s\u00e3o abertas \u00e0 popula\u00e7\u00e3o e tem como o intuito trabalhar o conceito de escola comunit\u00e1ria, trazendo uma nova cultura local.<\/span><\/p>\n<p>[\/et_pb_text][\/et_pb_column][et_pb_column type=&#8221;1_2&#8243; _builder_version=&#8221;4.16&#8243; custom_padding=&#8221;|||&#8221; global_colors_info=&#8221;{}&#8221; custom_padding__hover=&#8221;|||&#8221;][et_pb_text _builder_version=&#8221;4.16&#8243; text_font=&#8221;Rubik|500|||||||&#8221; text_font_size=&#8221;16px&#8221; text_line_height=&#8221;2em&#8221; quote_font=&#8221;||||||||&#8221; header_font=&#8221;||||||||&#8221; header_2_font=&#8221;Rubik|700|||||||&#8221; header_2_font_size=&#8221;40px&#8221; header_2_line_height=&#8221;1.4em&#8221; header_5_font=&#8221;Rubik|700||on|||||&#8221; header_5_letter_spacing=&#8221;5px&#8221; header_5_line_height=&#8221;1.2em&#8221; background_layout=&#8221;dark&#8221; max_width=&#8221;600px&#8221; max_width_tablet=&#8221;&#8221; max_width_phone=&#8221;&#8221; max_width_last_edited=&#8221;on|phone&#8221; custom_margin=&#8221;|||&#8221; custom_margin_tablet=&#8221;|70px||70px&#8221; custom_margin_phone=&#8221;|50px||50px&#8221; custom_margin_last_edited=&#8221;off|desktop&#8221; custom_padding=&#8221;|||&#8221; text_line_height_last_edited=&#8221;off|desktop&#8221; header_2_font_size_tablet=&#8221;&#8221; header_2_font_size_phone=&#8221;30px&#8221; header_2_font_size_last_edited=&#8221;on|phone&#8221; global_colors_info=&#8221;{}&#8221;]<\/p>\n<h5>montessori<\/h5>\n<h1><span style=\"font-size: xx-large;\">&#8220;<span>\u00c9 necess\u00e1rio que o professor oriente a crian\u00e7a sem que esta sinta muito a sua presen\u00e7a, de modo que possa estar sempre pronto para prestar a assist\u00eancia necess\u00e1ria, mas nunca sendo um obst\u00e1culo entre a crian\u00e7a e a sua experi\u00eancia<\/span><\/span>&#8220;<\/h1>\n<p>[\/et_pb_text][\/et_pb_column][\/et_pb_row][\/et_pb_section][et_pb_section fb_built=&#8221;1&#8243; background_color_gradient_end_1=&#8221;#c7cbd4&#8243; admin_label=&#8221;Principle Quote&#8221; _builder_version=&#8221;4.16&#8243; custom_padding=&#8221;0|0px|0|0px|false|false&#8221; locked=&#8221;off&#8221; global_colors_info=&#8221;{}&#8221;][et_pb_row column_structure=&#8221;1_2,1_2&#8243; use_custom_gutter=&#8221;on&#8221; gutter_width=&#8221;1&#8243; make_equal=&#8221;on&#8221; padding_top_bottom_link_1=&#8221;true&#8221; padding_top_bottom_link_2=&#8221;true&#8221; module_class=&#8221; et_pb_row_fullwidth&#8221; _builder_version=&#8221;4.17.3&#8243; width=&#8221;100%&#8221; width_tablet=&#8221;100%&#8221; width_phone=&#8221;&#8221; width_last_edited=&#8221;on|desktop&#8221; max_width=&#8221;100%&#8221; max_width_tablet=&#8221;100%&#8221; max_width_phone=&#8221;&#8221; max_width_last_edited=&#8221;on|desktop&#8221; custom_padding=&#8221;0px|0px|0px|0px&#8221; hover_enabled=&#8221;0&#8243; make_fullwidth=&#8221;on&#8221; global_colors_info=&#8221;{}&#8221; sticky_enabled=&#8221;0&#8243;][et_pb_column type=&#8221;1_2&#8243; _builder_version=&#8221;4.16&#8243; use_background_color_gradient=&#8221;on&#8221; background_color_gradient_direction=&#8221;90deg&#8221; background_color_gradient_stops=&#8221;rgba(58,80,99,0.85) 0%|#3a5063 100%&#8221; background_color_gradient_overlays_image=&#8221;on&#8221; background_color_gradient_start=&#8221;rgba(58,80,99,0.85)&#8221; background_color_gradient_end=&#8221;#3a5063&#8243; background_image=&#8221;https:\/\/serstella.com.br\/site\/wp-content\/uploads\/2022\/04\/jess-watters-483666-unsplash.jpg&#8221; custom_padding=&#8221;120px|80px|120px|10%&#8221; custom_padding_tablet=&#8221;|10%||10%||true&#8221; custom_padding_phone=&#8221;&#8221; custom_padding_last_edited=&#8221;on|tablet&#8221; global_colors_info=&#8221;{}&#8221; padding_tablet=&#8221;|10%||10%||true&#8221; padding_last_edited=&#8221;on|tablet&#8221; custom_padding__hover=&#8221;|||&#8221; padding_phone=&#8221;|10%||10%||true&#8221;][et_pb_text admin_label=&#8221;Title&#8221; _builder_version=&#8221;4.16&#8243; text_font=&#8221;Rubik|500|||||||&#8221; text_font_size=&#8221;16px&#8221; text_line_height=&#8221;2em&#8221; quote_font=&#8221;||||||||&#8221; header_font=&#8221;||||||||&#8221; header_2_font=&#8221;Rubik|700|||||||&#8221; header_2_font_size=&#8221;40px&#8221; header_2_line_height=&#8221;1.4em&#8221; header_5_font=&#8221;Rubik|700||on|||||&#8221; header_5_letter_spacing=&#8221;5px&#8221; header_5_line_height=&#8221;1.2em&#8221; background_layout=&#8221;dark&#8221; max_width=&#8221;600px&#8221; max_width_tablet=&#8221;&#8221; max_width_phone=&#8221;&#8221; max_width_last_edited=&#8221;on|phone&#8221; custom_margin=&#8221;|||&#8221; custom_margin_tablet=&#8221;|70px||70px&#8221; custom_margin_phone=&#8221;|50px||50px&#8221; custom_margin_last_edited=&#8221;off|desktop&#8221; custom_padding=&#8221;|||40px&#8221; text_line_height_last_edited=&#8221;off|desktop&#8221; header_2_font_size_tablet=&#8221;&#8221; header_2_font_size_phone=&#8221;30px&#8221; header_2_font_size_last_edited=&#8221;on|phone&#8221; border_color_all=&#8221;#ff9c02&#8243; border_width_left=&#8221;8px&#8221; locked=&#8221;off&#8221; inline_fonts=&#8221;Sacramento&#8221; global_colors_info=&#8221;{}&#8221;]<\/p>\n<h5>ESPECIALISTAS<\/h5>\n<h2>UBUNTU<\/h2>\n<p>&#8220;Eu sou porque n\u00f3s somos&#8221;<\/p>\n<p>[\/et_pb_text][et_pb_text _builder_version=&#8221;4.16&#8243; text_font=&#8221;Sacramento||||||||&#8221; text_font_size=&#8221;32px&#8221; text_line_height=&#8221;2em&#8221; text_orientation=&#8221;right&#8221; background_layout=&#8221;dark&#8221; global_colors_info=&#8221;{}&#8221;]<\/p>\n<p>Prov\u00e9rbio africano<\/p>\n<p>[\/et_pb_text][\/et_pb_column][et_pb_column type=&#8221;1_2&#8243; _builder_version=&#8221;4.17.3&#8243; background_color_gradient_direction=&#8221;90deg&#8221; background_image=&#8221;https:\/\/serstella.com.br\/site\/wp-content\/uploads\/2022\/06\/PHOTO-2021-01-15-13-14-30-1.jpg&#8221; background_position=&#8221;top_center&#8221; custom_padding=&#8221;120px|10%|120px|80px&#8221; custom_padding_tablet=&#8221;|10%||10%||true&#8221; custom_padding_phone=&#8221;&#8221; custom_padding_last_edited=&#8221;on|tablet&#8221; hover_enabled=&#8221;0&#8243; global_colors_info=&#8221;{}&#8221; padding_tablet=&#8221;|10%||10%||true&#8221; padding_last_edited=&#8221;on|tablet&#8221; custom_padding__hover=&#8221;|||&#8221; padding_phone=&#8221;|10%||10%||true&#8221; title_text=&#8221;PHOTO-2021-01-15-13-14-30&#8243; sticky_enabled=&#8221;0&#8243; background_vertical_offset=&#8221;34%&#8221;][et_pb_divider color=&#8221;rgba(0,0,0,0)&#8221; _builder_version=&#8221;4.16&#8243; height=&#8221;340px&#8221; locked=&#8221;off&#8221; global_colors_info=&#8221;{}&#8221;][\/et_pb_divider][\/et_pb_column][\/et_pb_row][\/et_pb_section]<\/p>\n","protected":false},"excerpt":{"rendered":"<p>&#8220;\u00c0s vezes, ou\u00e7o o vento, e s\u00f3 de ouvir o vento passar, vale a pena ter nascido&#8221; Fernando PessoaA Escola configura-se como a inst\u00e2ncia que, erigida por um coletivo, incumbe-se de garantir que as novas gera\u00e7\u00f5es tenham acesso ao legado cultural da humanidade, em harmonia, alegria e consci\u00eancia. \u00c9 um espa\u00e7o muito maior que a [&hellip;]<\/p>\n","protected":false},"author":1,"featured_media":0,"parent":0,"menu_order":0,"comment_status":"closed","ping_status":"closed","template":"","meta":{"_et_pb_use_builder":"on","_et_pb_old_content":"","_et_gb_content_width":"","_mi_skip_tracking":false,"footnotes":""},"class_list":["post-4312","page","type-page","status-publish","hentry"],"yoast_head":"<!-- This site is optimized with the Yoast SEO Premium plugin v18.4 (Yoast SEO v27.5) - https:\/\/yoast.com\/product\/yoast-seo-premium-wordpress\/ -->\n<title>Comunidade - Ser Stella<\/title>\n<meta name=\"robots\" content=\"index, follow, max-snippet:-1, max-image-preview:large, max-video-preview:-1\" \/>\n<link rel=\"canonical\" href=\"https:\/\/serstella.com.br\/site\/comunidade-estrategia-pedagogica\/\" \/>\n<meta property=\"og:locale\" content=\"pt_PT\" \/>\n<meta property=\"og:type\" content=\"article\" \/>\n<meta property=\"og:title\" content=\"Comunidade\" \/>\n<meta property=\"og:description\" content=\"&quot;\u00c0s vezes, ou\u00e7o o vento, e s\u00f3 de ouvir o vento passar, vale a pena ter nascido&quot; Fernando PessoaA Escola configura-se como a inst\u00e2ncia que, erigida por um coletivo, incumbe-se de garantir que as novas gera\u00e7\u00f5es tenham acesso ao legado cultural da humanidade, em harmonia, alegria e consci\u00eancia. \u00c9 um espa\u00e7o muito maior que a [&hellip;]\" \/>\n<meta property=\"og:url\" content=\"https:\/\/serstella.com.br\/site\/comunidade-estrategia-pedagogica\/\" \/>\n<meta property=\"og:site_name\" content=\"Ser Stella\" \/>\n<meta property=\"article:publisher\" content=\"https:\/\/www.facebook.com\/ser.stella.educ\/\" \/>\n<meta property=\"article:modified_time\" content=\"2022-06-29T19:25:39+00:00\" \/>\n<meta property=\"og:image\" content=\"https:\/\/serstella.com.br\/site\/wp-content\/uploads\/2024\/10\/IMG-20241031-WA0010.jpg\" \/>\n\t<meta property=\"og:image:width\" content=\"1181\" \/>\n\t<meta property=\"og:image:height\" content=\"1181\" \/>\n\t<meta property=\"og:image:type\" content=\"image\/jpeg\" \/>\n<meta name=\"twitter:card\" content=\"summary_large_image\" \/>\n<meta name=\"twitter:label1\" content=\"Tempo estimado de leitura\" \/>\n\t<meta name=\"twitter:data1\" content=\"11 minutos\" \/>\n<script type=\"application\/ld+json\" class=\"yoast-schema-graph\">{\"@context\":\"https:\\\/\\\/schema.org\",\"@graph\":[{\"@type\":\"WebPage\",\"@id\":\"https:\\\/\\\/serstella.com.br\\\/site\\\/comunidade-estrategia-pedagogica\\\/\",\"url\":\"https:\\\/\\\/serstella.com.br\\\/site\\\/comunidade-estrategia-pedagogica\\\/\",\"name\":\"Comunidade - Ser Stella\",\"isPartOf\":{\"@id\":\"https:\\\/\\\/serstella.com.br\\\/site\\\/#website\"},\"datePublished\":\"2022-06-15T13:08:49+00:00\",\"dateModified\":\"2022-06-29T19:25:39+00:00\",\"breadcrumb\":{\"@id\":\"https:\\\/\\\/serstella.com.br\\\/site\\\/comunidade-estrategia-pedagogica\\\/#breadcrumb\"},\"inLanguage\":\"pt-PT\",\"potentialAction\":[{\"@type\":\"ReadAction\",\"target\":[\"https:\\\/\\\/serstella.com.br\\\/site\\\/comunidade-estrategia-pedagogica\\\/\"]}]},{\"@type\":\"BreadcrumbList\",\"@id\":\"https:\\\/\\\/serstella.com.br\\\/site\\\/comunidade-estrategia-pedagogica\\\/#breadcrumb\",\"itemListElement\":[{\"@type\":\"ListItem\",\"position\":1,\"name\":\"Home\",\"item\":\"https:\\\/\\\/serstella.com.br\\\/site\\\/\"},{\"@type\":\"ListItem\",\"position\":2,\"name\":\"Comunidade\"}]},{\"@type\":\"WebSite\",\"@id\":\"https:\\\/\\\/serstella.com.br\\\/site\\\/#website\",\"url\":\"https:\\\/\\\/serstella.com.br\\\/site\\\/\",\"name\":\"Centro Educacional Ser Stella\",\"description\":\"Site oficial da Escola Ser Stella, localizada em Lorena, SP. Da Educa\u00e7\u00e3o Infantil ao Ensino Fundamental I.\",\"publisher\":{\"@id\":\"https:\\\/\\\/serstella.com.br\\\/site\\\/#organization\"},\"alternateName\":\"Ser Stella\",\"potentialAction\":[{\"@type\":\"SearchAction\",\"target\":{\"@type\":\"EntryPoint\",\"urlTemplate\":\"https:\\\/\\\/serstella.com.br\\\/site\\\/?s={search_term_string}\"},\"query-input\":{\"@type\":\"PropertyValueSpecification\",\"valueRequired\":true,\"valueName\":\"search_term_string\"}}],\"inLanguage\":\"pt-PT\"},{\"@type\":[\"Organization\",\"Place\"],\"@id\":\"https:\\\/\\\/serstella.com.br\\\/site\\\/#organization\",\"name\":\"Centro Educacional Ser Stella\",\"url\":\"https:\\\/\\\/serstella.com.br\\\/site\\\/\",\"logo\":{\"@id\":\"https:\\\/\\\/serstella.com.br\\\/site\\\/comunidade-estrategia-pedagogica\\\/#local-main-organization-logo\"},\"image\":{\"@id\":\"https:\\\/\\\/serstella.com.br\\\/site\\\/comunidade-estrategia-pedagogica\\\/#local-main-organization-logo\"},\"sameAs\":[\"https:\\\/\\\/www.facebook.com\\\/ser.stella.educ\\\/\",\"https:\\\/\\\/www.instagram.com\\\/ser.stella.educ\\\/\"],\"openingHoursSpecification\":[{\"@type\":\"OpeningHoursSpecification\",\"dayOfWeek\":[\"Sunday\",\"Monday\",\"Tuesday\",\"Wednesday\",\"Thursday\",\"Friday\",\"Saturday\"],\"opens\":\"09:00\",\"closes\":\"17:00\"}]},{\"@type\":\"ImageObject\",\"inLanguage\":\"pt-PT\",\"@id\":\"https:\\\/\\\/serstella.com.br\\\/site\\\/comunidade-estrategia-pedagogica\\\/#local-main-organization-logo\",\"url\":\"https:\\\/\\\/serstella.com.br\\\/site\\\/wp-content\\\/uploads\\\/2024\\\/10\\\/cropped-IMG-20241031-WA0010.jpg\",\"contentUrl\":\"https:\\\/\\\/serstella.com.br\\\/site\\\/wp-content\\\/uploads\\\/2024\\\/10\\\/cropped-IMG-20241031-WA0010.jpg\",\"width\":512,\"height\":512,\"caption\":\"Centro Educacional Ser Stella\"}]}<\/script>\n<!-- \/ Yoast SEO Premium plugin. -->","yoast_head_json":{"title":"Comunidade - Ser Stella","robots":{"index":"index","follow":"follow","max-snippet":"max-snippet:-1","max-image-preview":"max-image-preview:large","max-video-preview":"max-video-preview:-1"},"canonical":"https:\/\/serstella.com.br\/site\/comunidade-estrategia-pedagogica\/","og_locale":"pt_PT","og_type":"article","og_title":"Comunidade","og_description":"\"\u00c0s vezes, ou\u00e7o o vento, e s\u00f3 de ouvir o vento passar, vale a pena ter nascido\" Fernando PessoaA Escola configura-se como a inst\u00e2ncia que, erigida por um coletivo, incumbe-se de garantir que as novas gera\u00e7\u00f5es tenham acesso ao legado cultural da humanidade, em harmonia, alegria e consci\u00eancia. \u00c9 um espa\u00e7o muito maior que a [&hellip;]","og_url":"https:\/\/serstella.com.br\/site\/comunidade-estrategia-pedagogica\/","og_site_name":"Ser Stella","article_publisher":"https:\/\/www.facebook.com\/ser.stella.educ\/","article_modified_time":"2022-06-29T19:25:39+00:00","og_image":[{"width":1181,"height":1181,"url":"https:\/\/serstella.com.br\/site\/wp-content\/uploads\/2024\/10\/IMG-20241031-WA0010.jpg","type":"image\/jpeg"}],"twitter_card":"summary_large_image","twitter_misc":{"Tempo estimado de leitura":"11 minutos"},"schema":{"@context":"https:\/\/schema.org","@graph":[{"@type":"WebPage","@id":"https:\/\/serstella.com.br\/site\/comunidade-estrategia-pedagogica\/","url":"https:\/\/serstella.com.br\/site\/comunidade-estrategia-pedagogica\/","name":"Comunidade - Ser Stella","isPartOf":{"@id":"https:\/\/serstella.com.br\/site\/#website"},"datePublished":"2022-06-15T13:08:49+00:00","dateModified":"2022-06-29T19:25:39+00:00","breadcrumb":{"@id":"https:\/\/serstella.com.br\/site\/comunidade-estrategia-pedagogica\/#breadcrumb"},"inLanguage":"pt-PT","potentialAction":[{"@type":"ReadAction","target":["https:\/\/serstella.com.br\/site\/comunidade-estrategia-pedagogica\/"]}]},{"@type":"BreadcrumbList","@id":"https:\/\/serstella.com.br\/site\/comunidade-estrategia-pedagogica\/#breadcrumb","itemListElement":[{"@type":"ListItem","position":1,"name":"Home","item":"https:\/\/serstella.com.br\/site\/"},{"@type":"ListItem","position":2,"name":"Comunidade"}]},{"@type":"WebSite","@id":"https:\/\/serstella.com.br\/site\/#website","url":"https:\/\/serstella.com.br\/site\/","name":"Centro Educacional Ser Stella","description":"Site oficial da Escola Ser Stella, localizada em Lorena, SP. Da Educa\u00e7\u00e3o Infantil ao Ensino Fundamental I.","publisher":{"@id":"https:\/\/serstella.com.br\/site\/#organization"},"alternateName":"Ser Stella","potentialAction":[{"@type":"SearchAction","target":{"@type":"EntryPoint","urlTemplate":"https:\/\/serstella.com.br\/site\/?s={search_term_string}"},"query-input":{"@type":"PropertyValueSpecification","valueRequired":true,"valueName":"search_term_string"}}],"inLanguage":"pt-PT"},{"@type":["Organization","Place"],"@id":"https:\/\/serstella.com.br\/site\/#organization","name":"Centro Educacional Ser Stella","url":"https:\/\/serstella.com.br\/site\/","logo":{"@id":"https:\/\/serstella.com.br\/site\/comunidade-estrategia-pedagogica\/#local-main-organization-logo"},"image":{"@id":"https:\/\/serstella.com.br\/site\/comunidade-estrategia-pedagogica\/#local-main-organization-logo"},"sameAs":["https:\/\/www.facebook.com\/ser.stella.educ\/","https:\/\/www.instagram.com\/ser.stella.educ\/"],"openingHoursSpecification":[{"@type":"OpeningHoursSpecification","dayOfWeek":["Sunday","Monday","Tuesday","Wednesday","Thursday","Friday","Saturday"],"opens":"09:00","closes":"17:00"}]},{"@type":"ImageObject","inLanguage":"pt-PT","@id":"https:\/\/serstella.com.br\/site\/comunidade-estrategia-pedagogica\/#local-main-organization-logo","url":"https:\/\/serstella.com.br\/site\/wp-content\/uploads\/2024\/10\/cropped-IMG-20241031-WA0010.jpg","contentUrl":"https:\/\/serstella.com.br\/site\/wp-content\/uploads\/2024\/10\/cropped-IMG-20241031-WA0010.jpg","width":512,"height":512,"caption":"Centro Educacional Ser Stella"}]}},"_links":{"self":[{"href":"https:\/\/serstella.com.br\/site\/wp-json\/wp\/v2\/pages\/4312","targetHints":{"allow":["GET"]}}],"collection":[{"href":"https:\/\/serstella.com.br\/site\/wp-json\/wp\/v2\/pages"}],"about":[{"href":"https:\/\/serstella.com.br\/site\/wp-json\/wp\/v2\/types\/page"}],"author":[{"embeddable":true,"href":"https:\/\/serstella.com.br\/site\/wp-json\/wp\/v2\/users\/1"}],"replies":[{"embeddable":true,"href":"https:\/\/serstella.com.br\/site\/wp-json\/wp\/v2\/comments?post=4312"}],"version-history":[{"count":17,"href":"https:\/\/serstella.com.br\/site\/wp-json\/wp\/v2\/pages\/4312\/revisions"}],"predecessor-version":[{"id":4399,"href":"https:\/\/serstella.com.br\/site\/wp-json\/wp\/v2\/pages\/4312\/revisions\/4399"}],"wp:attachment":[{"href":"https:\/\/serstella.com.br\/site\/wp-json\/wp\/v2\/media?parent=4312"}],"curies":[{"name":"wp","href":"https:\/\/api.w.org\/{rel}","templated":true}]}}