{"id":4294,"date":"2022-06-14T16:42:07","date_gmt":"2022-06-14T19:42:07","guid":{"rendered":"https:\/\/serstella.com.br\/site\/?page_id=4294"},"modified":"2022-06-15T14:10:18","modified_gmt":"2022-06-15T17:10:18","slug":"autonomia-base-pedagogica","status":"publish","type":"page","link":"https:\/\/serstella.com.br\/site\/autonomia-base-pedagogica\/","title":{"rendered":"Autonomia"},"content":{"rendered":"<p>[et_pb_section fb_built=&#8221;1&#8243; fullwidth=&#8221;on&#8221; admin_label=&#8221;Hero&#8221; _builder_version=&#8221;4.17.3&#8243; use_background_color_gradient=&#8221;on&#8221; background_color_gradient_direction=&#8221;90deg&#8221; background_color_gradient_stops=&#8221;#eeeff2 33%|rgba(238,239,242,0) 52%&#8221; background_color_gradient_overlays_image=&#8221;on&#8221; background_color_gradient_start=&#8221;#eeeff2&#8243; background_color_gradient_start_position=&#8221;33%&#8221; background_color_gradient_end=&#8221;rgba(238,239,242,0)&#8221; background_color_gradient_end_position=&#8221;52%&#8221; background_image=&#8221;https:\/\/serstella.com.br\/site\/wp-content\/uploads\/2022\/06\/PHOTO-2021-01-13-18-48-40.jpg&#8221; background_position=&#8221;top_center&#8221; background_vertical_offset=&#8221;28%&#8221; global_colors_info=&#8221;{}&#8221;][et_pb_fullwidth_header title=&#8221;base pedag\u00f3gica&#8221; subhead=&#8221;Autonomia&#8221; content_max_width=&#8221;600px&#8221; _builder_version=&#8221;4.17.3&#8243; title_font=&#8221;Rubik|700||on|||||&#8221; title_text_color=&#8221;#ff7355&#8243; title_font_size=&#8221;16px&#8221; title_letter_spacing=&#8221;5px&#8221; title_line_height=&#8221;0.5em&#8221; content_font=&#8221;Rubik||||||||&#8221; content_font_size=&#8221;18px&#8221; subhead_font=&#8221;Rubik|700|||||||&#8221; subhead_text_color=&#8221;rgba(0,0,0,0.8)&#8221; subhead_font_size=&#8221;50px&#8221; subhead_line_height=&#8221;1.5em&#8221; background_color=&#8221;rgba(255,255,255,0)&#8221; use_background_color_gradient=&#8221;on&#8221; background_color_gradient_stops=&#8221;rgba(255,255,255,0) 50%|rgba(255,255,255,0.7) 100%&#8221; background_color_gradient_start=&#8221;rgba(255,255,255,0)&#8221; background_color_gradient_start_position=&#8221;50%&#8221; background_color_gradient_end=&#8221;rgba(255,255,255,0.7)&#8221; background_size=&#8221;contain&#8221; background_position=&#8221;bottom_center&#8221; custom_button_one=&#8221;on&#8221; button_one_text_size=&#8221;16px&#8221; button_one_text_color=&#8221;#ffffff&#8221; button_one_bg_color=&#8221;#ff7355&#8243; button_one_border_width=&#8221;15px&#8221; button_one_border_color=&#8221;rgba(210,159,104,0)&#8221; button_one_border_radius=&#8221;100px&#8221; button_one_letter_spacing=&#8221;0px&#8221; button_one_font=&#8221;Rubik|700|||||||&#8221; button_one_use_icon=&#8221;off&#8221; custom_button_two=&#8221;on&#8221; button_two_text_size=&#8221;16px&#8221; button_two_text_color=&#8221;#ffffff&#8221; button_two_bg_color=&#8221;rgba(0,0,0,0.6)&#8221; button_two_border_width=&#8221;15px&#8221; button_two_border_color=&#8221;rgba(210,159,104,0)&#8221; button_two_border_radius=&#8221;100px&#8221; button_two_letter_spacing=&#8221;0px&#8221; button_two_font=&#8221;Rubik|700|||||||&#8221; button_two_use_icon=&#8221;off&#8221; background_layout=&#8221;light&#8221; max_width_last_edited=&#8221;off|desktop&#8221; module_alignment=&#8221;center&#8221; custom_margin=&#8221;|||&#8221; custom_padding=&#8221;8vw||4vw|&#8221; subhead_font_size_tablet=&#8221;&#8221; subhead_font_size_phone=&#8221;30px&#8221; subhead_font_size_last_edited=&#8221;on|phone&#8221; button_one_border_radius_hover=&#8221;100px&#8221; button_two_border_radius_hover=&#8221;100px&#8221; button_one_bg_color_hover=&#8221;#ff8a70&#8243; button_two_bg_color_hover=&#8221;#ff8a70&#8243; global_colors_info=&#8221;{}&#8221; button_one_text_size__hover_enabled=&#8221;off&#8221; button_two_text_size__hover_enabled=&#8221;off&#8221; button_one_text_color__hover_enabled=&#8221;off&#8221; button_two_text_color__hover_enabled=&#8221;off&#8221; button_one_border_width__hover_enabled=&#8221;off&#8221; button_two_border_width__hover_enabled=&#8221;off&#8221; button_one_border_color__hover_enabled=&#8221;off&#8221; button_two_border_color__hover_enabled=&#8221;off&#8221; button_one_border_radius__hover_enabled=&#8221;on&#8221; button_one_border_radius__hover=&#8221;100px&#8221; button_two_border_radius__hover_enabled=&#8221;on&#8221; button_two_border_radius__hover=&#8221;100px&#8221; button_one_letter_spacing__hover_enabled=&#8221;off&#8221; button_two_letter_spacing__hover_enabled=&#8221;off&#8221; button_one_bg_color__hover_enabled=&#8221;on&#8221; button_one_bg_color__hover=&#8221;#ff8a70&#8243; button_two_bg_color__hover_enabled=&#8221;on&#8221; button_two_bg_color__hover=&#8221;#ff8a70&#8243;]<\/p>\n<p>&nbsp;<\/p>\n<p>&#8220;N\u00e3o importa que eu tenha uma <br \/>opini\u00e3o diferente do outro. <br \/>Mas que o outro encontre o certo, <br \/>a partir de si pr\u00f3prio, <br \/>se eu contribuir um pouco para tal<span style=\"font-size: 18px;\">&#8220;<\/span><\/p>\n<p>Rudolf Steiner<\/p>\n<p>[\/et_pb_fullwidth_header][\/et_pb_section][et_pb_section fb_built=&#8221;1&#8243; _builder_version=&#8221;4.16&#8243; background_color=&#8221;#3a5063&#8243; background_size=&#8221;contain&#8221; background_position=&#8221;top_center&#8221; custom_padding=&#8221;|||&#8221; global_colors_info=&#8221;{}&#8221;][et_pb_row column_structure=&#8221;1_4,1_4,1_4,1_4&#8243; admin_label=&#8221;Image Row&#8221; _builder_version=&#8221;4.16&#8243; global_colors_info=&#8221;{}&#8221;][et_pb_column type=&#8221;1_4&#8243; _builder_version=&#8221;4.16&#8243; custom_padding=&#8221;|||&#8221; global_colors_info=&#8221;{}&#8221; custom_padding__hover=&#8221;|||&#8221;][et_pb_image src=&#8221;https:\/\/serstella.com.br\/site\/wp-content\/uploads\/2022\/06\/630cb11e-8ba9-47d8-9f5b-9ae0aa3a4aeb.jpg&#8221; title_text=&#8221;630cb11e-8ba9-47d8-9f5b-9ae0aa3a4aeb&#8221; align_tablet=&#8221;center&#8221; align_phone=&#8221;&#8221; align_last_edited=&#8221;on|desktop&#8221; _builder_version=&#8221;4.17.3&#8243; animation_style=&#8221;zoom&#8221; animation_intensity_zoom=&#8221;10%&#8221; border_radii=&#8221;on|10px|10px|10px|10px&#8221; global_colors_info=&#8221;{}&#8221;][\/et_pb_image][\/et_pb_column][et_pb_column type=&#8221;1_4&#8243; _builder_version=&#8221;4.16&#8243; custom_padding=&#8221;|||&#8221; global_colors_info=&#8221;{}&#8221; custom_padding__hover=&#8221;|||&#8221;][et_pb_image src=&#8221;https:\/\/serstella.com.br\/site\/wp-content\/uploads\/2022\/06\/95db5fcd-848f-4e74-b59c-fb1395ffe7b0-e1655236509436.jpg&#8221; title_text=&#8221;95db5fcd-848f-4e74-b59c-fb1395ffe7b0&#8243; force_fullwidth=&#8221;on&#8221; align_tablet=&#8221;center&#8221; align_phone=&#8221;&#8221; align_last_edited=&#8221;on|desktop&#8221; _builder_version=&#8221;4.17.3&#8243; animation_style=&#8221;zoom&#8221; animation_intensity_zoom=&#8221;10%&#8221; border_radii=&#8221;on|10px|10px|10px|10px&#8221; global_colors_info=&#8221;{}&#8221;][\/et_pb_image][\/et_pb_column][et_pb_column type=&#8221;1_4&#8243; _builder_version=&#8221;4.16&#8243; custom_padding=&#8221;|||&#8221; global_colors_info=&#8221;{}&#8221; custom_padding__hover=&#8221;|||&#8221;][et_pb_image src=&#8221;https:\/\/serstella.com.br\/site\/wp-content\/uploads\/2022\/06\/cb34d1a5-ac7e-44bb-ac00-b21cce33964e.jpg&#8221; title_text=&#8221;cb34d1a5-ac7e-44bb-ac00-b21cce33964e&#8221; align_tablet=&#8221;center&#8221; align_phone=&#8221;&#8221; align_last_edited=&#8221;on|desktop&#8221; _builder_version=&#8221;4.17.3&#8243; animation_style=&#8221;zoom&#8221; animation_intensity_zoom=&#8221;10%&#8221; border_radii=&#8221;on|10px|10px|10px|10px&#8221; global_colors_info=&#8221;{}&#8221;][\/et_pb_image][\/et_pb_column][et_pb_column type=&#8221;1_4&#8243; _builder_version=&#8221;4.16&#8243; custom_padding=&#8221;|||&#8221; global_colors_info=&#8221;{}&#8221; custom_padding__hover=&#8221;|||&#8221;][et_pb_image src=&#8221;https:\/\/serstella.com.br\/site\/wp-content\/uploads\/2022\/06\/PHOTO-2021-12-16-00-35-04.jpg&#8221; title_text=&#8221;PHOTO-2021-12-16-00-35-04&#8243; align_tablet=&#8221;center&#8221; align_phone=&#8221;&#8221; align_last_edited=&#8221;on|desktop&#8221; _builder_version=&#8221;4.17.3&#8243; animation_style=&#8221;zoom&#8221; animation_intensity_zoom=&#8221;10%&#8221; border_radii=&#8221;on|10px|10px|10px|10px&#8221; global_colors_info=&#8221;{}&#8221;][\/et_pb_image][\/et_pb_column][\/et_pb_row][et_pb_row column_structure=&#8221;1_2,1_2&#8243; _builder_version=&#8221;4.16&#8243; global_colors_info=&#8221;{}&#8221;][et_pb_column type=&#8221;1_2&#8243; _builder_version=&#8221;4.16&#8243; custom_padding=&#8221;|||&#8221; global_colors_info=&#8221;{}&#8221; custom_padding__hover=&#8221;|||&#8221;][et_pb_text _builder_version=&#8221;4.17.3&#8243; text_font=&#8221;Rubik|500|||||||&#8221; text_font_size=&#8221;16px&#8221; text_line_height=&#8221;2em&#8221; quote_font=&#8221;||||||||&#8221; header_font=&#8221;||||||||&#8221; header_2_font=&#8221;Rubik|700|||||||&#8221; header_2_font_size=&#8221;40px&#8221; header_2_line_height=&#8221;1.4em&#8221; header_5_font=&#8221;Rubik|700||on|||||&#8221; header_5_letter_spacing=&#8221;5px&#8221; header_5_line_height=&#8221;1.2em&#8221; background_layout=&#8221;dark&#8221; max_width=&#8221;600px&#8221; max_width_tablet=&#8221;&#8221; max_width_phone=&#8221;&#8221; max_width_last_edited=&#8221;on|phone&#8221; custom_margin=&#8221;|||&#8221; custom_margin_tablet=&#8221;|70px||70px&#8221; custom_margin_phone=&#8221;|50px||50px&#8221; custom_margin_last_edited=&#8221;off|desktop&#8221; custom_padding=&#8221;|||&#8221; text_line_height_last_edited=&#8221;off|desktop&#8221; header_2_font_size_tablet=&#8221;&#8221; header_2_font_size_phone=&#8221;30px&#8221; header_2_font_size_last_edited=&#8221;on|phone&#8221; global_colors_info=&#8221;{}&#8221;]<\/p>\n<p><span style=\"font-weight: 400;\">O processo de constru\u00e7\u00e3o da autonomia se d\u00e1 por meio da viv\u00eancia dos valores trabalhados a partir dos pilares acima: Amor na Pr\u00e1tica e Natureza. Acreditamos que com a interioriza\u00e7\u00e3o desses valores, no sentido de sair da heteronomia (identidade que vem de fora) para a autonomia (identidade que vem de dentro), o sujeito tem a possibilidade de conhecer melhor a si mesmo: suas potencialidades e seus desafios, reconhecendo suas a\u00e7\u00f5es, seus direitos e responsabilidades e se implicando com o mundo que o cerca, observando-se como parte do todo.\u00a0<\/span><\/p>\n<p><span style=\"font-weight: 400;\">O Protagonismo vem a partir do autoconhecimento, que se d\u00e1 realizando escolhas, ponderando sobre elas e refletindo sobre nossas a\u00e7\u00f5es. Outro ponto significativo para a nossa pr\u00e1tica \u00e9 que, este educando, ao se perceber autor do pr\u00f3prio conhecimento, estabele\u00e7a uma rela\u00e7\u00e3o de afetividade com o processo de aprendizagem. Compreender que o erro faz parte do processo e poder apaixonar-se pelas descobertas e conquistas realizadas ao longo do seu percurso auxiliam o sujeito a perceber suas potencialidades e desafios, tornando-o mais dono de si mesmo, cuidando de si, do outro e do mundo que o cerca.\u00a0<\/span><\/p>\n<p>[\/et_pb_text][\/et_pb_column][et_pb_column type=&#8221;1_2&#8243; _builder_version=&#8221;4.16&#8243; custom_padding=&#8221;|||&#8221; global_colors_info=&#8221;{}&#8221; custom_padding__hover=&#8221;|||&#8221;][et_pb_text _builder_version=&#8221;4.16&#8243; text_font=&#8221;Rubik|500|||||||&#8221; text_font_size=&#8221;16px&#8221; text_line_height=&#8221;2em&#8221; quote_font=&#8221;||||||||&#8221; header_font=&#8221;||||||||&#8221; header_2_font=&#8221;Rubik|700|||||||&#8221; header_2_font_size=&#8221;40px&#8221; header_2_line_height=&#8221;1.4em&#8221; header_5_font=&#8221;Rubik|700||on|||||&#8221; header_5_letter_spacing=&#8221;5px&#8221; header_5_line_height=&#8221;1.2em&#8221; background_layout=&#8221;dark&#8221; max_width=&#8221;600px&#8221; max_width_tablet=&#8221;&#8221; max_width_phone=&#8221;&#8221; max_width_last_edited=&#8221;on|phone&#8221; custom_margin=&#8221;|||&#8221; custom_margin_tablet=&#8221;|70px||70px&#8221; custom_margin_phone=&#8221;|50px||50px&#8221; custom_margin_last_edited=&#8221;off|desktop&#8221; custom_padding=&#8221;|||&#8221; text_line_height_last_edited=&#8221;off|desktop&#8221; header_2_font_size_tablet=&#8221;&#8221; header_2_font_size_phone=&#8221;30px&#8221; header_2_font_size_last_edited=&#8221;on|phone&#8221; global_colors_info=&#8221;{}&#8221;]<\/p>\n<h5>montessori<\/h5>\n<h1><span style=\"font-size: xx-large;\">&#8220;<span>\u00c9 necess\u00e1rio que o professor oriente a crian\u00e7a sem que esta sinta muito a sua presen\u00e7a, de modo que possa estar sempre pronto para prestar a assist\u00eancia necess\u00e1ria, mas nunca sendo um obst\u00e1culo entre a crian\u00e7a e a sua experi\u00eancia<\/span><\/span>&#8220;<\/h1>\n<p>[\/et_pb_text][\/et_pb_column][\/et_pb_row][\/et_pb_section][et_pb_section fb_built=&#8221;1&#8243; background_color_gradient_end_1=&#8221;#c7cbd4&#8243; admin_label=&#8221;Principle Quote&#8221; _builder_version=&#8221;4.16&#8243; custom_padding=&#8221;0|0px|0|0px|false|false&#8221; locked=&#8221;off&#8221; global_colors_info=&#8221;{}&#8221;][et_pb_row column_structure=&#8221;1_2,1_2&#8243; use_custom_gutter=&#8221;on&#8221; gutter_width=&#8221;1&#8243; make_equal=&#8221;on&#8221; padding_top_bottom_link_1=&#8221;true&#8221; padding_top_bottom_link_2=&#8221;true&#8221; module_class=&#8221; et_pb_row_fullwidth&#8221; _builder_version=&#8221;4.17.3&#8243; width=&#8221;100%&#8221; width_tablet=&#8221;100%&#8221; width_phone=&#8221;&#8221; width_last_edited=&#8221;on|desktop&#8221; max_width=&#8221;100%&#8221; max_width_tablet=&#8221;100%&#8221; max_width_phone=&#8221;&#8221; max_width_last_edited=&#8221;on|desktop&#8221; custom_padding=&#8221;0px|0px|0px|0px&#8221; make_fullwidth=&#8221;on&#8221; global_colors_info=&#8221;{}&#8221;][et_pb_column type=&#8221;1_2&#8243; _builder_version=&#8221;4.16&#8243; use_background_color_gradient=&#8221;on&#8221; background_color_gradient_direction=&#8221;90deg&#8221; background_color_gradient_stops=&#8221;rgba(58,80,99,0.85) 0%|#3a5063 100%&#8221; background_color_gradient_overlays_image=&#8221;on&#8221; background_color_gradient_start=&#8221;rgba(58,80,99,0.85)&#8221; background_color_gradient_end=&#8221;#3a5063&#8243; background_image=&#8221;https:\/\/serstella.com.br\/site\/wp-content\/uploads\/2022\/04\/jess-watters-483666-unsplash.jpg&#8221; custom_padding=&#8221;120px|80px|120px|10%&#8221; custom_padding_tablet=&#8221;|10%||10%||true&#8221; custom_padding_phone=&#8221;&#8221; custom_padding_last_edited=&#8221;on|tablet&#8221; global_colors_info=&#8221;{}&#8221; padding_tablet=&#8221;|10%||10%||true&#8221; padding_last_edited=&#8221;on|tablet&#8221; custom_padding__hover=&#8221;|||&#8221; padding_phone=&#8221;|10%||10%||true&#8221;][et_pb_text admin_label=&#8221;Title&#8221; _builder_version=&#8221;4.16&#8243; text_font=&#8221;Rubik|500|||||||&#8221; text_font_size=&#8221;16px&#8221; text_line_height=&#8221;2em&#8221; quote_font=&#8221;||||||||&#8221; header_font=&#8221;||||||||&#8221; header_2_font=&#8221;Rubik|700|||||||&#8221; header_2_font_size=&#8221;40px&#8221; header_2_line_height=&#8221;1.4em&#8221; header_5_font=&#8221;Rubik|700||on|||||&#8221; header_5_letter_spacing=&#8221;5px&#8221; header_5_line_height=&#8221;1.2em&#8221; background_layout=&#8221;dark&#8221; max_width=&#8221;600px&#8221; max_width_tablet=&#8221;&#8221; max_width_phone=&#8221;&#8221; max_width_last_edited=&#8221;on|phone&#8221; custom_margin=&#8221;|||&#8221; custom_margin_tablet=&#8221;|70px||70px&#8221; custom_margin_phone=&#8221;|50px||50px&#8221; custom_margin_last_edited=&#8221;off|desktop&#8221; custom_padding=&#8221;|||40px&#8221; text_line_height_last_edited=&#8221;off|desktop&#8221; header_2_font_size_tablet=&#8221;&#8221; header_2_font_size_phone=&#8221;30px&#8221; header_2_font_size_last_edited=&#8221;on|phone&#8221; border_color_all=&#8221;#ff9c02&#8243; border_width_left=&#8221;8px&#8221; locked=&#8221;off&#8221; inline_fonts=&#8221;Sacramento&#8221; global_colors_info=&#8221;{}&#8221;]<\/p>\n<h5>ESPECIALISTAS<\/h5>\n<h2>PROTAGONISMO<\/h2>\n<p>&#8220;O adulto n\u00e3o deve nunca moldar a crian\u00e7a por ele, mas deve deix\u00e1-la em paz e trabalhar sempre a partir da profunda compreens\u00e3o da pr\u00f3pria crian\u00e7a&#8221;<\/p>\n<p>[\/et_pb_text][et_pb_text _builder_version=&#8221;4.16&#8243; text_font=&#8221;Sacramento||||||||&#8221; text_font_size=&#8221;32px&#8221; text_line_height=&#8221;2em&#8221; text_orientation=&#8221;right&#8221; background_layout=&#8221;dark&#8221; global_colors_info=&#8221;{}&#8221;]<\/p>\n<p>Maria Montessori<\/p>\n<p>[\/et_pb_text][\/et_pb_column][et_pb_column type=&#8221;1_2&#8243; _builder_version=&#8221;4.17.3&#8243; background_color_gradient_direction=&#8221;90deg&#8221; background_image=&#8221;https:\/\/serstella.com.br\/site\/wp-content\/uploads\/2022\/06\/IMG_4221-1.jpg&#8221; background_position=&#8221;top_center&#8221; custom_padding=&#8221;120px|10%|120px|80px&#8221; custom_padding_tablet=&#8221;|10%||10%||true&#8221; custom_padding_phone=&#8221;&#8221; custom_padding_last_edited=&#8221;on|tablet&#8221; global_colors_info=&#8221;{}&#8221; padding_tablet=&#8221;|10%||10%||true&#8221; padding_last_edited=&#8221;on|tablet&#8221; custom_padding__hover=&#8221;|||&#8221; padding_phone=&#8221;|10%||10%||true&#8221;][et_pb_divider color=&#8221;rgba(0,0,0,0)&#8221; _builder_version=&#8221;4.16&#8243; height=&#8221;340px&#8221; locked=&#8221;off&#8221; global_colors_info=&#8221;{}&#8221;][\/et_pb_divider][\/et_pb_column][\/et_pb_row][\/et_pb_section]<\/p>\n","protected":false},"excerpt":{"rendered":"<p>&nbsp; &#8220;N\u00e3o importa que eu tenha uma opini\u00e3o diferente do outro. Mas que o outro encontre o certo, a partir de si pr\u00f3prio, se eu contribuir um pouco para tal&#8221; Rudolf SteinerO processo de constru\u00e7\u00e3o da autonomia se d\u00e1 por meio da viv\u00eancia dos valores trabalhados a partir dos pilares acima: Amor na Pr\u00e1tica e [&hellip;]<\/p>\n","protected":false},"author":1,"featured_media":0,"parent":0,"menu_order":0,"comment_status":"closed","ping_status":"closed","template":"","meta":{"_et_pb_use_builder":"on","_et_pb_old_content":"","_et_gb_content_width":"","_mi_skip_tracking":false,"footnotes":""},"class_list":["post-4294","page","type-page","status-publish","hentry"],"yoast_head":"<!-- This site is optimized with the Yoast SEO Premium plugin v18.4 (Yoast SEO v27.5) - https:\/\/yoast.com\/product\/yoast-seo-premium-wordpress\/ -->\n<title>Autonomia - Ser Stella<\/title>\n<meta name=\"robots\" content=\"index, follow, max-snippet:-1, max-image-preview:large, max-video-preview:-1\" \/>\n<link rel=\"canonical\" href=\"https:\/\/serstella.com.br\/site\/autonomia-base-pedagogica\/\" \/>\n<meta property=\"og:locale\" content=\"pt_PT\" \/>\n<meta property=\"og:type\" content=\"article\" \/>\n<meta property=\"og:title\" content=\"Autonomia\" \/>\n<meta property=\"og:description\" content=\"&nbsp; &quot;N\u00e3o importa que eu tenha uma opini\u00e3o diferente do outro. Mas que o outro encontre o certo, a partir de si pr\u00f3prio, se eu contribuir um pouco para tal&quot; Rudolf SteinerO processo de constru\u00e7\u00e3o da autonomia se d\u00e1 por meio da viv\u00eancia dos valores trabalhados a partir dos pilares acima: Amor na Pr\u00e1tica e [&hellip;]\" \/>\n<meta property=\"og:url\" content=\"https:\/\/serstella.com.br\/site\/autonomia-base-pedagogica\/\" \/>\n<meta property=\"og:site_name\" content=\"Ser Stella\" \/>\n<meta property=\"article:publisher\" content=\"https:\/\/www.facebook.com\/ser.stella.educ\/\" \/>\n<meta property=\"article:modified_time\" content=\"2022-06-15T17:10:18+00:00\" \/>\n<meta property=\"og:image\" content=\"https:\/\/serstella.com.br\/site\/wp-content\/uploads\/2024\/10\/IMG-20241031-WA0010.jpg\" \/>\n\t<meta property=\"og:image:width\" content=\"1181\" \/>\n\t<meta property=\"og:image:height\" content=\"1181\" \/>\n\t<meta property=\"og:image:type\" content=\"image\/jpeg\" \/>\n<meta name=\"twitter:card\" content=\"summary_large_image\" \/>\n<script type=\"application\/ld+json\" class=\"yoast-schema-graph\">{\"@context\":\"https:\\\/\\\/schema.org\",\"@graph\":[{\"@type\":\"WebPage\",\"@id\":\"https:\\\/\\\/serstella.com.br\\\/site\\\/autonomia-base-pedagogica\\\/\",\"url\":\"https:\\\/\\\/serstella.com.br\\\/site\\\/autonomia-base-pedagogica\\\/\",\"name\":\"Autonomia - Ser Stella\",\"isPartOf\":{\"@id\":\"https:\\\/\\\/serstella.com.br\\\/site\\\/#website\"},\"datePublished\":\"2022-06-14T19:42:07+00:00\",\"dateModified\":\"2022-06-15T17:10:18+00:00\",\"breadcrumb\":{\"@id\":\"https:\\\/\\\/serstella.com.br\\\/site\\\/autonomia-base-pedagogica\\\/#breadcrumb\"},\"inLanguage\":\"pt-PT\",\"potentialAction\":[{\"@type\":\"ReadAction\",\"target\":[\"https:\\\/\\\/serstella.com.br\\\/site\\\/autonomia-base-pedagogica\\\/\"]}]},{\"@type\":\"BreadcrumbList\",\"@id\":\"https:\\\/\\\/serstella.com.br\\\/site\\\/autonomia-base-pedagogica\\\/#breadcrumb\",\"itemListElement\":[{\"@type\":\"ListItem\",\"position\":1,\"name\":\"Home\",\"item\":\"https:\\\/\\\/serstella.com.br\\\/site\\\/\"},{\"@type\":\"ListItem\",\"position\":2,\"name\":\"Autonomia\"}]},{\"@type\":\"WebSite\",\"@id\":\"https:\\\/\\\/serstella.com.br\\\/site\\\/#website\",\"url\":\"https:\\\/\\\/serstella.com.br\\\/site\\\/\",\"name\":\"Centro Educacional Ser Stella\",\"description\":\"Site oficial da Escola Ser Stella, localizada em Lorena, SP. Da Educa\u00e7\u00e3o Infantil ao Ensino Fundamental I.\",\"publisher\":{\"@id\":\"https:\\\/\\\/serstella.com.br\\\/site\\\/#organization\"},\"alternateName\":\"Ser Stella\",\"potentialAction\":[{\"@type\":\"SearchAction\",\"target\":{\"@type\":\"EntryPoint\",\"urlTemplate\":\"https:\\\/\\\/serstella.com.br\\\/site\\\/?s={search_term_string}\"},\"query-input\":{\"@type\":\"PropertyValueSpecification\",\"valueRequired\":true,\"valueName\":\"search_term_string\"}}],\"inLanguage\":\"pt-PT\"},{\"@type\":[\"Organization\",\"Place\"],\"@id\":\"https:\\\/\\\/serstella.com.br\\\/site\\\/#organization\",\"name\":\"Centro Educacional Ser Stella\",\"url\":\"https:\\\/\\\/serstella.com.br\\\/site\\\/\",\"logo\":{\"@id\":\"https:\\\/\\\/serstella.com.br\\\/site\\\/autonomia-base-pedagogica\\\/#local-main-organization-logo\"},\"image\":{\"@id\":\"https:\\\/\\\/serstella.com.br\\\/site\\\/autonomia-base-pedagogica\\\/#local-main-organization-logo\"},\"sameAs\":[\"https:\\\/\\\/www.facebook.com\\\/ser.stella.educ\\\/\",\"https:\\\/\\\/www.instagram.com\\\/ser.stella.educ\\\/\"],\"openingHoursSpecification\":[{\"@type\":\"OpeningHoursSpecification\",\"dayOfWeek\":[\"Sunday\",\"Monday\",\"Tuesday\",\"Wednesday\",\"Thursday\",\"Friday\",\"Saturday\"],\"opens\":\"09:00\",\"closes\":\"17:00\"}]},{\"@type\":\"ImageObject\",\"inLanguage\":\"pt-PT\",\"@id\":\"https:\\\/\\\/serstella.com.br\\\/site\\\/autonomia-base-pedagogica\\\/#local-main-organization-logo\",\"url\":\"https:\\\/\\\/serstella.com.br\\\/site\\\/wp-content\\\/uploads\\\/2024\\\/10\\\/cropped-IMG-20241031-WA0010.jpg\",\"contentUrl\":\"https:\\\/\\\/serstella.com.br\\\/site\\\/wp-content\\\/uploads\\\/2024\\\/10\\\/cropped-IMG-20241031-WA0010.jpg\",\"width\":512,\"height\":512,\"caption\":\"Centro Educacional Ser Stella\"}]}<\/script>\n<!-- \/ Yoast SEO Premium plugin. -->","yoast_head_json":{"title":"Autonomia - Ser Stella","robots":{"index":"index","follow":"follow","max-snippet":"max-snippet:-1","max-image-preview":"max-image-preview:large","max-video-preview":"max-video-preview:-1"},"canonical":"https:\/\/serstella.com.br\/site\/autonomia-base-pedagogica\/","og_locale":"pt_PT","og_type":"article","og_title":"Autonomia","og_description":"&nbsp; \"N\u00e3o importa que eu tenha uma opini\u00e3o diferente do outro. Mas que o outro encontre o certo, a partir de si pr\u00f3prio, se eu contribuir um pouco para tal\" Rudolf SteinerO processo de constru\u00e7\u00e3o da autonomia se d\u00e1 por meio da viv\u00eancia dos valores trabalhados a partir dos pilares acima: Amor na Pr\u00e1tica e [&hellip;]","og_url":"https:\/\/serstella.com.br\/site\/autonomia-base-pedagogica\/","og_site_name":"Ser Stella","article_publisher":"https:\/\/www.facebook.com\/ser.stella.educ\/","article_modified_time":"2022-06-15T17:10:18+00:00","og_image":[{"width":1181,"height":1181,"url":"https:\/\/serstella.com.br\/site\/wp-content\/uploads\/2024\/10\/IMG-20241031-WA0010.jpg","type":"image\/jpeg"}],"twitter_card":"summary_large_image","schema":{"@context":"https:\/\/schema.org","@graph":[{"@type":"WebPage","@id":"https:\/\/serstella.com.br\/site\/autonomia-base-pedagogica\/","url":"https:\/\/serstella.com.br\/site\/autonomia-base-pedagogica\/","name":"Autonomia - Ser Stella","isPartOf":{"@id":"https:\/\/serstella.com.br\/site\/#website"},"datePublished":"2022-06-14T19:42:07+00:00","dateModified":"2022-06-15T17:10:18+00:00","breadcrumb":{"@id":"https:\/\/serstella.com.br\/site\/autonomia-base-pedagogica\/#breadcrumb"},"inLanguage":"pt-PT","potentialAction":[{"@type":"ReadAction","target":["https:\/\/serstella.com.br\/site\/autonomia-base-pedagogica\/"]}]},{"@type":"BreadcrumbList","@id":"https:\/\/serstella.com.br\/site\/autonomia-base-pedagogica\/#breadcrumb","itemListElement":[{"@type":"ListItem","position":1,"name":"Home","item":"https:\/\/serstella.com.br\/site\/"},{"@type":"ListItem","position":2,"name":"Autonomia"}]},{"@type":"WebSite","@id":"https:\/\/serstella.com.br\/site\/#website","url":"https:\/\/serstella.com.br\/site\/","name":"Centro Educacional Ser Stella","description":"Site oficial da Escola Ser Stella, localizada em Lorena, SP. Da Educa\u00e7\u00e3o Infantil ao Ensino Fundamental I.","publisher":{"@id":"https:\/\/serstella.com.br\/site\/#organization"},"alternateName":"Ser Stella","potentialAction":[{"@type":"SearchAction","target":{"@type":"EntryPoint","urlTemplate":"https:\/\/serstella.com.br\/site\/?s={search_term_string}"},"query-input":{"@type":"PropertyValueSpecification","valueRequired":true,"valueName":"search_term_string"}}],"inLanguage":"pt-PT"},{"@type":["Organization","Place"],"@id":"https:\/\/serstella.com.br\/site\/#organization","name":"Centro Educacional Ser Stella","url":"https:\/\/serstella.com.br\/site\/","logo":{"@id":"https:\/\/serstella.com.br\/site\/autonomia-base-pedagogica\/#local-main-organization-logo"},"image":{"@id":"https:\/\/serstella.com.br\/site\/autonomia-base-pedagogica\/#local-main-organization-logo"},"sameAs":["https:\/\/www.facebook.com\/ser.stella.educ\/","https:\/\/www.instagram.com\/ser.stella.educ\/"],"openingHoursSpecification":[{"@type":"OpeningHoursSpecification","dayOfWeek":["Sunday","Monday","Tuesday","Wednesday","Thursday","Friday","Saturday"],"opens":"09:00","closes":"17:00"}]},{"@type":"ImageObject","inLanguage":"pt-PT","@id":"https:\/\/serstella.com.br\/site\/autonomia-base-pedagogica\/#local-main-organization-logo","url":"https:\/\/serstella.com.br\/site\/wp-content\/uploads\/2024\/10\/cropped-IMG-20241031-WA0010.jpg","contentUrl":"https:\/\/serstella.com.br\/site\/wp-content\/uploads\/2024\/10\/cropped-IMG-20241031-WA0010.jpg","width":512,"height":512,"caption":"Centro Educacional Ser Stella"}]}},"_links":{"self":[{"href":"https:\/\/serstella.com.br\/site\/wp-json\/wp\/v2\/pages\/4294","targetHints":{"allow":["GET"]}}],"collection":[{"href":"https:\/\/serstella.com.br\/site\/wp-json\/wp\/v2\/pages"}],"about":[{"href":"https:\/\/serstella.com.br\/site\/wp-json\/wp\/v2\/types\/page"}],"author":[{"embeddable":true,"href":"https:\/\/serstella.com.br\/site\/wp-json\/wp\/v2\/users\/1"}],"replies":[{"embeddable":true,"href":"https:\/\/serstella.com.br\/site\/wp-json\/wp\/v2\/comments?post=4294"}],"version-history":[{"count":9,"href":"https:\/\/serstella.com.br\/site\/wp-json\/wp\/v2\/pages\/4294\/revisions"}],"predecessor-version":[{"id":4352,"href":"https:\/\/serstella.com.br\/site\/wp-json\/wp\/v2\/pages\/4294\/revisions\/4352"}],"wp:attachment":[{"href":"https:\/\/serstella.com.br\/site\/wp-json\/wp\/v2\/media?parent=4294"}],"curies":[{"name":"wp","href":"https:\/\/api.w.org\/{rel}","templated":true}]}}