{"id":4271,"date":"2022-06-14T16:14:13","date_gmt":"2022-06-14T19:14:13","guid":{"rendered":"https:\/\/serstella.com.br\/site\/?page_id=4271"},"modified":"2022-06-15T11:07:29","modified_gmt":"2022-06-15T14:07:29","slug":"natureza-base-pedagogica","status":"publish","type":"page","link":"https:\/\/serstella.com.br\/site\/natureza-base-pedagogica\/","title":{"rendered":"Natureza"},"content":{"rendered":"<p>[et_pb_section fb_built=&#8221;1&#8243; fullwidth=&#8221;on&#8221; admin_label=&#8221;Hero&#8221; _builder_version=&#8221;4.17.3&#8243; use_background_color_gradient=&#8221;on&#8221; background_color_gradient_direction=&#8221;90deg&#8221; background_color_gradient_stops=&#8221;#eeeff2 33%|rgba(238,239,242,0) 52%&#8221; background_color_gradient_overlays_image=&#8221;on&#8221; background_color_gradient_start=&#8221;#eeeff2&#8243; background_color_gradient_start_position=&#8221;33%&#8221; background_color_gradient_end=&#8221;rgba(238,239,242,0)&#8221; background_color_gradient_end_position=&#8221;52%&#8221; background_image=&#8221;https:\/\/serstella.com.br\/site\/wp-content\/uploads\/2022\/06\/capa-1-1.jpg&#8221; global_colors_info=&#8221;{}&#8221;][et_pb_fullwidth_header title=&#8221;base pedag\u00f3gica&#8221; subhead=&#8221;Natureza&#8221; content_max_width=&#8221;600px&#8221; _builder_version=&#8221;4.17.3&#8243; title_font=&#8221;Rubik|700||on|||||&#8221; title_text_color=&#8221;#ff7355&#8243; title_font_size=&#8221;16px&#8221; title_letter_spacing=&#8221;5px&#8221; title_line_height=&#8221;0.5em&#8221; content_font=&#8221;Rubik||||||||&#8221; content_font_size=&#8221;18px&#8221; subhead_font=&#8221;Rubik|700|||||||&#8221; subhead_text_color=&#8221;rgba(0,0,0,0.8)&#8221; subhead_font_size=&#8221;50px&#8221; subhead_line_height=&#8221;1.5em&#8221; background_color=&#8221;rgba(255,255,255,0)&#8221; use_background_color_gradient=&#8221;on&#8221; background_color_gradient_stops=&#8221;rgba(255,255,255,0) 50%|rgba(255,255,255,0.7) 100%&#8221; background_color_gradient_start=&#8221;rgba(255,255,255,0)&#8221; background_color_gradient_start_position=&#8221;50%&#8221; background_color_gradient_end=&#8221;rgba(255,255,255,0.7)&#8221; background_size=&#8221;contain&#8221; background_position=&#8221;bottom_center&#8221; custom_button_one=&#8221;on&#8221; button_one_text_size=&#8221;16px&#8221; button_one_text_color=&#8221;#ffffff&#8221; button_one_bg_color=&#8221;#ff7355&#8243; button_one_border_width=&#8221;15px&#8221; button_one_border_color=&#8221;rgba(210,159,104,0)&#8221; button_one_border_radius=&#8221;100px&#8221; button_one_letter_spacing=&#8221;0px&#8221; button_one_font=&#8221;Rubik|700|||||||&#8221; button_one_use_icon=&#8221;off&#8221; custom_button_two=&#8221;on&#8221; button_two_text_size=&#8221;16px&#8221; button_two_text_color=&#8221;#ffffff&#8221; button_two_bg_color=&#8221;rgba(0,0,0,0.6)&#8221; button_two_border_width=&#8221;15px&#8221; button_two_border_color=&#8221;rgba(210,159,104,0)&#8221; button_two_border_radius=&#8221;100px&#8221; button_two_letter_spacing=&#8221;0px&#8221; button_two_font=&#8221;Rubik|700|||||||&#8221; button_two_use_icon=&#8221;off&#8221; background_layout=&#8221;light&#8221; max_width_last_edited=&#8221;off|desktop&#8221; module_alignment=&#8221;center&#8221; custom_margin=&#8221;|||&#8221; custom_padding=&#8221;8vw||4vw|&#8221; subhead_font_size_tablet=&#8221;&#8221; subhead_font_size_phone=&#8221;30px&#8221; subhead_font_size_last_edited=&#8221;on|phone&#8221; button_one_border_radius_hover=&#8221;100px&#8221; button_two_border_radius_hover=&#8221;100px&#8221; button_one_bg_color_hover=&#8221;#ff8a70&#8243; button_two_bg_color_hover=&#8221;#ff8a70&#8243; global_colors_info=&#8221;{}&#8221; button_one_text_size__hover_enabled=&#8221;off&#8221; button_two_text_size__hover_enabled=&#8221;off&#8221; button_one_text_color__hover_enabled=&#8221;off&#8221; button_two_text_color__hover_enabled=&#8221;off&#8221; button_one_border_width__hover_enabled=&#8221;off&#8221; button_two_border_width__hover_enabled=&#8221;off&#8221; button_one_border_color__hover_enabled=&#8221;off&#8221; button_two_border_color__hover_enabled=&#8221;off&#8221; button_one_border_radius__hover_enabled=&#8221;on&#8221; button_one_border_radius__hover=&#8221;100px&#8221; button_two_border_radius__hover_enabled=&#8221;on&#8221; button_two_border_radius__hover=&#8221;100px&#8221; button_one_letter_spacing__hover_enabled=&#8221;off&#8221; button_two_letter_spacing__hover_enabled=&#8221;off&#8221; button_one_bg_color__hover_enabled=&#8221;on&#8221; button_one_bg_color__hover=&#8221;#ff8a70&#8243; button_two_bg_color__hover_enabled=&#8221;on&#8221; button_two_bg_color__hover=&#8221;#ff8a70&#8243;]<\/p>\n<p>&#8220;<span style=\"font-weight: 400;\">\u00c0s vezes, ou\u00e7o o vento, e s\u00f3 de ouvir o <\/span><\/p>\n<p><span style=\"font-weight: 400;\">vento passar, vale a pena ter nascido<\/span>&#8221; <br \/>Fernando Pessoa<\/p>\n<p>[\/et_pb_fullwidth_header][\/et_pb_section][et_pb_section fb_built=&#8221;1&#8243; _builder_version=&#8221;4.16&#8243; background_color=&#8221;#3a5063&#8243; background_size=&#8221;contain&#8221; background_position=&#8221;top_center&#8221; custom_padding=&#8221;|||&#8221; global_colors_info=&#8221;{}&#8221;][et_pb_row column_structure=&#8221;1_4,1_4,1_4,1_4&#8243; admin_label=&#8221;Image Row&#8221; _builder_version=&#8221;4.16&#8243; global_colors_info=&#8221;{}&#8221;][et_pb_column type=&#8221;1_4&#8243; _builder_version=&#8221;4.16&#8243; custom_padding=&#8221;|||&#8221; global_colors_info=&#8221;{}&#8221; custom_padding__hover=&#8221;|||&#8221;][et_pb_image src=&#8221;https:\/\/serstella.com.br\/site\/wp-content\/uploads\/2022\/06\/PHOTO-2021-02-03-20-49-59.jpg&#8221; title_text=&#8221;PHOTO-2021-02-03-20-49-59&#8243; align_tablet=&#8221;center&#8221; align_phone=&#8221;&#8221; align_last_edited=&#8221;on|desktop&#8221; _builder_version=&#8221;4.17.3&#8243; animation_style=&#8221;zoom&#8221; animation_intensity_zoom=&#8221;10%&#8221; border_radii=&#8221;on|10px|10px|10px|10px&#8221; global_colors_info=&#8221;{}&#8221;][\/et_pb_image][\/et_pb_column][et_pb_column type=&#8221;1_4&#8243; _builder_version=&#8221;4.16&#8243; custom_padding=&#8221;|||&#8221; global_colors_info=&#8221;{}&#8221; custom_padding__hover=&#8221;|||&#8221;][et_pb_image src=&#8221;https:\/\/serstella.com.br\/site\/wp-content\/uploads\/2022\/06\/5f5135f1-8546-47da-baac-98dc20fe909d-1.jpg&#8221; title_text=&#8221;5f5135f1-8546-47da-baac-98dc20fe909d&#8221; force_fullwidth=&#8221;on&#8221; align_tablet=&#8221;center&#8221; align_phone=&#8221;&#8221; align_last_edited=&#8221;on|desktop&#8221; _builder_version=&#8221;4.17.3&#8243; animation_style=&#8221;zoom&#8221; animation_intensity_zoom=&#8221;10%&#8221; border_radii=&#8221;on|10px|10px|10px|10px&#8221; global_colors_info=&#8221;{}&#8221;][\/et_pb_image][\/et_pb_column][et_pb_column type=&#8221;1_4&#8243; _builder_version=&#8221;4.16&#8243; custom_padding=&#8221;|||&#8221; global_colors_info=&#8221;{}&#8221; custom_padding__hover=&#8221;|||&#8221;][et_pb_image src=&#8221;https:\/\/serstella.com.br\/site\/wp-content\/uploads\/2022\/06\/d4d8b58e-22ed-4bd6-8ed0-b75a08de490e-e1655233970257.jpg&#8221; title_text=&#8221;d4d8b58e-22ed-4bd6-8ed0-b75a08de490e&#8221; align_tablet=&#8221;center&#8221; align_phone=&#8221;&#8221; align_last_edited=&#8221;on|desktop&#8221; _builder_version=&#8221;4.17.3&#8243; animation_style=&#8221;zoom&#8221; animation_intensity_zoom=&#8221;10%&#8221; border_radii=&#8221;on|10px|10px|10px|10px&#8221; global_colors_info=&#8221;{}&#8221;][\/et_pb_image][\/et_pb_column][et_pb_column type=&#8221;1_4&#8243; _builder_version=&#8221;4.16&#8243; custom_padding=&#8221;|||&#8221; global_colors_info=&#8221;{}&#8221; custom_padding__hover=&#8221;|||&#8221;][et_pb_image src=&#8221;https:\/\/serstella.com.br\/site\/wp-content\/uploads\/2022\/06\/7081421b-8b29-48a8-8452-7d02102a7001.jpg&#8221; title_text=&#8221;7081421b-8b29-48a8-8452-7d02102a7001&#8243; align_tablet=&#8221;center&#8221; align_phone=&#8221;&#8221; align_last_edited=&#8221;on|desktop&#8221; _builder_version=&#8221;4.17.3&#8243; animation_style=&#8221;zoom&#8221; animation_intensity_zoom=&#8221;10%&#8221; border_radii=&#8221;on|10px|10px|10px|10px&#8221; global_colors_info=&#8221;{}&#8221;][\/et_pb_image][\/et_pb_column][\/et_pb_row][et_pb_row column_structure=&#8221;1_2,1_2&#8243; _builder_version=&#8221;4.16&#8243; global_colors_info=&#8221;{}&#8221;][et_pb_column type=&#8221;1_2&#8243; _builder_version=&#8221;4.16&#8243; custom_padding=&#8221;|||&#8221; global_colors_info=&#8221;{}&#8221; custom_padding__hover=&#8221;|||&#8221;][et_pb_text _builder_version=&#8221;4.17.3&#8243; text_font=&#8221;Rubik|500|||||||&#8221; text_font_size=&#8221;16px&#8221; text_line_height=&#8221;2em&#8221; quote_font=&#8221;||||||||&#8221; header_font=&#8221;||||||||&#8221; header_2_font=&#8221;Rubik|700|||||||&#8221; header_2_font_size=&#8221;40px&#8221; header_2_line_height=&#8221;1.4em&#8221; header_5_font=&#8221;Rubik|700||on|||||&#8221; header_5_letter_spacing=&#8221;5px&#8221; header_5_line_height=&#8221;1.2em&#8221; background_layout=&#8221;dark&#8221; max_width=&#8221;600px&#8221; max_width_tablet=&#8221;&#8221; max_width_phone=&#8221;&#8221; max_width_last_edited=&#8221;on|phone&#8221; custom_margin=&#8221;|||&#8221; custom_margin_tablet=&#8221;|70px||70px&#8221; custom_margin_phone=&#8221;|50px||50px&#8221; custom_margin_last_edited=&#8221;off|desktop&#8221; custom_padding=&#8221;|||&#8221; text_line_height_last_edited=&#8221;off|desktop&#8221; header_2_font_size_tablet=&#8221;&#8221; header_2_font_size_phone=&#8221;30px&#8221; header_2_font_size_last_edited=&#8221;on|phone&#8221; global_colors_info=&#8221;{}&#8221;]<\/p>\n<p><span style=\"font-weight: 400;\">A concep\u00e7\u00e3o de Natureza no<em> Ser Stella<\/em> apoia-se nesta certeza: fa\u00e7o parte de um mundo pelo qual sou, perten\u00e7o e me responsabilizo, vivendo as consequ\u00eancias de minhas atitudes, assim como sou consequ\u00eancia deste mundo.<\/span><\/p>\n<p><span style=\"font-weight: 400;\">O<em> Ser Stella<\/em> acredita que \u00e9 por meio da Natureza que se d\u00e1 o autoconhecimento, que o indiv\u00edduo se redescobre parte do todo e passa a percorrer o caminho da sustentabilidade: Respeitar todos os seres, suas individualidades, suas especificidades, sem tentar adequ\u00e1-los a um padr\u00e3o pr\u00e9-determinado. <\/span><\/p>\n<p><span style=\"font-weight: 400;\">Realizar algo compreendendo sua import\u00e2ncia para o todo, para si mesmo ou para o outro, mesmo que n\u00e3o esteja com vontade naquele momento. <\/span><\/p>\n<p><span style=\"font-weight: 400;\">Respeitar o espa\u00e7o e limites. <\/span><\/p>\n<p><span style=\"font-weight: 400;\">No Ser Stella, <em>responsabilidade<\/em> se vive realizando aquilo com que se comprometeu ou sinalizando seus pares quando n\u00e3o consegue e precisa de ajuda, se responsabilizando por dar o devido encaminhamento; ter o olhar e cuidado com aqueles e aquilo que est\u00e1 \u00e0 nossa volta. Na consci\u00eancia de nossas a\u00e7\u00f5es e nas repercuss\u00f5es dessas a\u00e7\u00f5es no nosso entorno e em n\u00f3s mesmos.<\/span><\/p>\n<p>[\/et_pb_text][\/et_pb_column][et_pb_column type=&#8221;1_2&#8243; _builder_version=&#8221;4.16&#8243; custom_padding=&#8221;|||&#8221; global_colors_info=&#8221;{}&#8221; custom_padding__hover=&#8221;|||&#8221;][et_pb_text _builder_version=&#8221;4.16&#8243; text_font=&#8221;Rubik|500|||||||&#8221; text_font_size=&#8221;16px&#8221; text_line_height=&#8221;2em&#8221; quote_font=&#8221;||||||||&#8221; header_font=&#8221;||||||||&#8221; header_2_font=&#8221;Rubik|700|||||||&#8221; header_2_font_size=&#8221;40px&#8221; header_2_line_height=&#8221;1.4em&#8221; header_5_font=&#8221;Rubik|700||on|||||&#8221; header_5_letter_spacing=&#8221;5px&#8221; header_5_line_height=&#8221;1.2em&#8221; background_layout=&#8221;dark&#8221; max_width=&#8221;600px&#8221; max_width_tablet=&#8221;&#8221; max_width_phone=&#8221;&#8221; max_width_last_edited=&#8221;on|phone&#8221; custom_margin=&#8221;|||&#8221; custom_margin_tablet=&#8221;|70px||70px&#8221; custom_margin_phone=&#8221;|50px||50px&#8221; custom_margin_last_edited=&#8221;off|desktop&#8221; custom_padding=&#8221;|||&#8221; text_line_height_last_edited=&#8221;off|desktop&#8221; header_2_font_size_tablet=&#8221;&#8221; header_2_font_size_phone=&#8221;30px&#8221; header_2_font_size_last_edited=&#8221;on|phone&#8221; global_colors_info=&#8221;{}&#8221;]<\/p>\n<h5>montessori<\/h5>\n<h1><span style=\"font-size: xx-large;\">&#8220;<span>Se houver ajuda e salva\u00e7\u00e3o para a humanidade, s\u00f3 poder\u00e1 ser atrav\u00e9s das crian\u00e7as. Porque as crian\u00e7as s\u00e3o as criadoras da humanidade<\/span><\/span>&#8220;<\/h1>\n<p>[\/et_pb_text][\/et_pb_column][\/et_pb_row][\/et_pb_section][et_pb_section fb_built=&#8221;1&#8243; background_color_gradient_end_1=&#8221;#c7cbd4&#8243; admin_label=&#8221;Principle Quote&#8221; _builder_version=&#8221;4.16&#8243; custom_padding=&#8221;0|0px|0|0px|false|false&#8221; locked=&#8221;off&#8221; global_colors_info=&#8221;{}&#8221;][et_pb_row column_structure=&#8221;1_2,1_2&#8243; use_custom_gutter=&#8221;on&#8221; gutter_width=&#8221;1&#8243; make_equal=&#8221;on&#8221; padding_top_bottom_link_1=&#8221;true&#8221; padding_top_bottom_link_2=&#8221;true&#8221; module_class=&#8221; et_pb_row_fullwidth&#8221; _builder_version=&#8221;4.17.3&#8243; width=&#8221;100%&#8221; width_tablet=&#8221;100%&#8221; width_phone=&#8221;&#8221; width_last_edited=&#8221;on|desktop&#8221; max_width=&#8221;100%&#8221; max_width_tablet=&#8221;100%&#8221; max_width_phone=&#8221;&#8221; max_width_last_edited=&#8221;on|desktop&#8221; custom_padding=&#8221;0px|0px|0px|0px&#8221; make_fullwidth=&#8221;on&#8221; global_colors_info=&#8221;{}&#8221;][et_pb_column type=&#8221;1_2&#8243; _builder_version=&#8221;4.16&#8243; use_background_color_gradient=&#8221;on&#8221; background_color_gradient_direction=&#8221;90deg&#8221; background_color_gradient_stops=&#8221;rgba(58,80,99,0.85) 0%|#3a5063 100%&#8221; background_color_gradient_overlays_image=&#8221;on&#8221; background_color_gradient_start=&#8221;rgba(58,80,99,0.85)&#8221; background_color_gradient_end=&#8221;#3a5063&#8243; background_image=&#8221;https:\/\/serstella.com.br\/site\/wp-content\/uploads\/2022\/04\/jess-watters-483666-unsplash.jpg&#8221; custom_padding=&#8221;120px|80px|120px|10%&#8221; custom_padding_tablet=&#8221;|10%||10%||true&#8221; custom_padding_phone=&#8221;&#8221; custom_padding_last_edited=&#8221;on|tablet&#8221; global_colors_info=&#8221;{}&#8221; padding_tablet=&#8221;|10%||10%||true&#8221; padding_last_edited=&#8221;on|tablet&#8221; custom_padding__hover=&#8221;|||&#8221; padding_phone=&#8221;|10%||10%||true&#8221;][et_pb_text admin_label=&#8221;Title&#8221; _builder_version=&#8221;4.16&#8243; text_font=&#8221;Rubik|500|||||||&#8221; text_font_size=&#8221;16px&#8221; text_line_height=&#8221;2em&#8221; quote_font=&#8221;||||||||&#8221; header_font=&#8221;||||||||&#8221; header_2_font=&#8221;Rubik|700|||||||&#8221; header_2_font_size=&#8221;40px&#8221; header_2_line_height=&#8221;1.4em&#8221; header_5_font=&#8221;Rubik|700||on|||||&#8221; header_5_letter_spacing=&#8221;5px&#8221; header_5_line_height=&#8221;1.2em&#8221; background_layout=&#8221;dark&#8221; max_width=&#8221;600px&#8221; max_width_tablet=&#8221;&#8221; max_width_phone=&#8221;&#8221; max_width_last_edited=&#8221;on|phone&#8221; custom_margin=&#8221;|||&#8221; custom_margin_tablet=&#8221;|70px||70px&#8221; custom_margin_phone=&#8221;|50px||50px&#8221; custom_margin_last_edited=&#8221;off|desktop&#8221; custom_padding=&#8221;|||40px&#8221; text_line_height_last_edited=&#8221;off|desktop&#8221; header_2_font_size_tablet=&#8221;&#8221; header_2_font_size_phone=&#8221;30px&#8221; header_2_font_size_last_edited=&#8221;on|phone&#8221; border_color_all=&#8221;#ff9c02&#8243; border_width_left=&#8221;8px&#8221; locked=&#8221;off&#8221; inline_fonts=&#8221;Sacramento&#8221; global_colors_info=&#8221;{}&#8221;]<\/p>\n<h5>ESPECIALISTAS<\/h5>\n<h2>SOMOS O MUNDO<\/h2>\n<p>&#8221; <span>As pessoas educam para a competi\u00e7\u00e3o e esse \u00e9 o princ\u00edpio de qualquer guerra. Quando educarmos para cooperarmos e sermos solid\u00e1rios uns com os outros, nesse dia estaremos a educar para a paz.<\/span> &#8220;<\/p>\n<p>[\/et_pb_text][et_pb_text _builder_version=&#8221;4.16&#8243; text_font=&#8221;Sacramento||||||||&#8221; text_font_size=&#8221;32px&#8221; text_line_height=&#8221;2em&#8221; text_orientation=&#8221;right&#8221; background_layout=&#8221;dark&#8221; global_colors_info=&#8221;{}&#8221;]<\/p>\n<p>Maria Montessori<\/p>\n<p>[\/et_pb_text][\/et_pb_column][et_pb_column type=&#8221;1_2&#8243; _builder_version=&#8221;4.17.3&#8243; background_color_gradient_direction=&#8221;90deg&#8221; background_image=&#8221;https:\/\/serstella.com.br\/site\/wp-content\/uploads\/2022\/06\/94d95575-3769-4836-8741-1ce4671531a4.jpg&#8221; custom_padding=&#8221;120px|10%|120px|80px&#8221; custom_padding_tablet=&#8221;|10%||10%||true&#8221; custom_padding_phone=&#8221;&#8221; custom_padding_last_edited=&#8221;on|tablet&#8221; global_colors_info=&#8221;{}&#8221; padding_tablet=&#8221;|10%||10%||true&#8221; padding_last_edited=&#8221;on|tablet&#8221; custom_padding__hover=&#8221;|||&#8221; padding_phone=&#8221;|10%||10%||true&#8221;][et_pb_divider color=&#8221;rgba(0,0,0,0)&#8221; _builder_version=&#8221;4.16&#8243; height=&#8221;340px&#8221; locked=&#8221;off&#8221; global_colors_info=&#8221;{}&#8221;][\/et_pb_divider][\/et_pb_column][\/et_pb_row][\/et_pb_section]<\/p>\n","protected":false},"excerpt":{"rendered":"<p>&#8220;\u00c0s vezes, ou\u00e7o o vento, e s\u00f3 de ouvir o vento passar, vale a pena ter nascido&#8221; Fernando PessoaA concep\u00e7\u00e3o de Natureza no Ser Stella apoia-se nesta certeza: fa\u00e7o parte de um mundo pelo qual sou, perten\u00e7o e me responsabilizo, vivendo as consequ\u00eancias de minhas atitudes, assim como sou consequ\u00eancia deste mundo. O Ser Stella [&hellip;]<\/p>\n","protected":false},"author":1,"featured_media":0,"parent":0,"menu_order":0,"comment_status":"closed","ping_status":"closed","template":"","meta":{"_et_pb_use_builder":"on","_et_pb_old_content":"","_et_gb_content_width":"","_mi_skip_tracking":false,"footnotes":""},"class_list":["post-4271","page","type-page","status-publish","hentry"],"yoast_head":"<!-- This site is optimized with the Yoast SEO Premium plugin v18.4 (Yoast SEO v27.5) - https:\/\/yoast.com\/product\/yoast-seo-premium-wordpress\/ -->\n<title>Natureza - Ser Stella<\/title>\n<meta name=\"robots\" content=\"index, follow, max-snippet:-1, max-image-preview:large, max-video-preview:-1\" \/>\n<link rel=\"canonical\" href=\"https:\/\/serstella.com.br\/site\/natureza-base-pedagogica\/\" \/>\n<meta property=\"og:locale\" content=\"pt_PT\" \/>\n<meta property=\"og:type\" content=\"article\" \/>\n<meta property=\"og:title\" content=\"Natureza\" \/>\n<meta property=\"og:description\" content=\"&quot;\u00c0s vezes, ou\u00e7o o vento, e s\u00f3 de ouvir o vento passar, vale a pena ter nascido&quot; Fernando PessoaA concep\u00e7\u00e3o de Natureza no Ser Stella apoia-se nesta certeza: fa\u00e7o parte de um mundo pelo qual sou, perten\u00e7o e me responsabilizo, vivendo as consequ\u00eancias de minhas atitudes, assim como sou consequ\u00eancia deste mundo. O Ser Stella [&hellip;]\" \/>\n<meta property=\"og:url\" content=\"https:\/\/serstella.com.br\/site\/natureza-base-pedagogica\/\" \/>\n<meta property=\"og:site_name\" content=\"Ser Stella\" \/>\n<meta property=\"article:publisher\" content=\"https:\/\/www.facebook.com\/ser.stella.educ\/\" \/>\n<meta property=\"article:modified_time\" content=\"2022-06-15T14:07:29+00:00\" \/>\n<meta property=\"og:image\" content=\"https:\/\/serstella.com.br\/site\/wp-content\/uploads\/2024\/10\/IMG-20241031-WA0010.jpg\" \/>\n\t<meta property=\"og:image:width\" content=\"1181\" \/>\n\t<meta property=\"og:image:height\" content=\"1181\" \/>\n\t<meta property=\"og:image:type\" content=\"image\/jpeg\" \/>\n<meta name=\"twitter:card\" content=\"summary_large_image\" \/>\n<script type=\"application\/ld+json\" class=\"yoast-schema-graph\">{\"@context\":\"https:\\\/\\\/schema.org\",\"@graph\":[{\"@type\":\"WebPage\",\"@id\":\"https:\\\/\\\/serstella.com.br\\\/site\\\/natureza-base-pedagogica\\\/\",\"url\":\"https:\\\/\\\/serstella.com.br\\\/site\\\/natureza-base-pedagogica\\\/\",\"name\":\"Natureza - Ser Stella\",\"isPartOf\":{\"@id\":\"https:\\\/\\\/serstella.com.br\\\/site\\\/#website\"},\"datePublished\":\"2022-06-14T19:14:13+00:00\",\"dateModified\":\"2022-06-15T14:07:29+00:00\",\"breadcrumb\":{\"@id\":\"https:\\\/\\\/serstella.com.br\\\/site\\\/natureza-base-pedagogica\\\/#breadcrumb\"},\"inLanguage\":\"pt-PT\",\"potentialAction\":[{\"@type\":\"ReadAction\",\"target\":[\"https:\\\/\\\/serstella.com.br\\\/site\\\/natureza-base-pedagogica\\\/\"]}]},{\"@type\":\"BreadcrumbList\",\"@id\":\"https:\\\/\\\/serstella.com.br\\\/site\\\/natureza-base-pedagogica\\\/#breadcrumb\",\"itemListElement\":[{\"@type\":\"ListItem\",\"position\":1,\"name\":\"Home\",\"item\":\"https:\\\/\\\/serstella.com.br\\\/site\\\/\"},{\"@type\":\"ListItem\",\"position\":2,\"name\":\"Natureza\"}]},{\"@type\":\"WebSite\",\"@id\":\"https:\\\/\\\/serstella.com.br\\\/site\\\/#website\",\"url\":\"https:\\\/\\\/serstella.com.br\\\/site\\\/\",\"name\":\"Centro Educacional Ser Stella\",\"description\":\"Site oficial da Escola Ser Stella, localizada em Lorena, SP. Da Educa\u00e7\u00e3o Infantil ao Ensino Fundamental I.\",\"publisher\":{\"@id\":\"https:\\\/\\\/serstella.com.br\\\/site\\\/#organization\"},\"alternateName\":\"Ser Stella\",\"potentialAction\":[{\"@type\":\"SearchAction\",\"target\":{\"@type\":\"EntryPoint\",\"urlTemplate\":\"https:\\\/\\\/serstella.com.br\\\/site\\\/?s={search_term_string}\"},\"query-input\":{\"@type\":\"PropertyValueSpecification\",\"valueRequired\":true,\"valueName\":\"search_term_string\"}}],\"inLanguage\":\"pt-PT\"},{\"@type\":[\"Organization\",\"Place\"],\"@id\":\"https:\\\/\\\/serstella.com.br\\\/site\\\/#organization\",\"name\":\"Centro Educacional Ser Stella\",\"url\":\"https:\\\/\\\/serstella.com.br\\\/site\\\/\",\"logo\":{\"@id\":\"https:\\\/\\\/serstella.com.br\\\/site\\\/natureza-base-pedagogica\\\/#local-main-organization-logo\"},\"image\":{\"@id\":\"https:\\\/\\\/serstella.com.br\\\/site\\\/natureza-base-pedagogica\\\/#local-main-organization-logo\"},\"sameAs\":[\"https:\\\/\\\/www.facebook.com\\\/ser.stella.educ\\\/\",\"https:\\\/\\\/www.instagram.com\\\/ser.stella.educ\\\/\"],\"openingHoursSpecification\":[{\"@type\":\"OpeningHoursSpecification\",\"dayOfWeek\":[\"Sunday\",\"Monday\",\"Tuesday\",\"Wednesday\",\"Thursday\",\"Friday\",\"Saturday\"],\"opens\":\"09:00\",\"closes\":\"17:00\"}]},{\"@type\":\"ImageObject\",\"inLanguage\":\"pt-PT\",\"@id\":\"https:\\\/\\\/serstella.com.br\\\/site\\\/natureza-base-pedagogica\\\/#local-main-organization-logo\",\"url\":\"https:\\\/\\\/serstella.com.br\\\/site\\\/wp-content\\\/uploads\\\/2024\\\/10\\\/cropped-IMG-20241031-WA0010.jpg\",\"contentUrl\":\"https:\\\/\\\/serstella.com.br\\\/site\\\/wp-content\\\/uploads\\\/2024\\\/10\\\/cropped-IMG-20241031-WA0010.jpg\",\"width\":512,\"height\":512,\"caption\":\"Centro Educacional Ser Stella\"}]}<\/script>\n<!-- \/ Yoast SEO Premium plugin. -->","yoast_head_json":{"title":"Natureza - Ser Stella","robots":{"index":"index","follow":"follow","max-snippet":"max-snippet:-1","max-image-preview":"max-image-preview:large","max-video-preview":"max-video-preview:-1"},"canonical":"https:\/\/serstella.com.br\/site\/natureza-base-pedagogica\/","og_locale":"pt_PT","og_type":"article","og_title":"Natureza","og_description":"\"\u00c0s vezes, ou\u00e7o o vento, e s\u00f3 de ouvir o vento passar, vale a pena ter nascido\" Fernando PessoaA concep\u00e7\u00e3o de Natureza no Ser Stella apoia-se nesta certeza: fa\u00e7o parte de um mundo pelo qual sou, perten\u00e7o e me responsabilizo, vivendo as consequ\u00eancias de minhas atitudes, assim como sou consequ\u00eancia deste mundo. O Ser Stella [&hellip;]","og_url":"https:\/\/serstella.com.br\/site\/natureza-base-pedagogica\/","og_site_name":"Ser Stella","article_publisher":"https:\/\/www.facebook.com\/ser.stella.educ\/","article_modified_time":"2022-06-15T14:07:29+00:00","og_image":[{"width":1181,"height":1181,"url":"https:\/\/serstella.com.br\/site\/wp-content\/uploads\/2024\/10\/IMG-20241031-WA0010.jpg","type":"image\/jpeg"}],"twitter_card":"summary_large_image","schema":{"@context":"https:\/\/schema.org","@graph":[{"@type":"WebPage","@id":"https:\/\/serstella.com.br\/site\/natureza-base-pedagogica\/","url":"https:\/\/serstella.com.br\/site\/natureza-base-pedagogica\/","name":"Natureza - Ser Stella","isPartOf":{"@id":"https:\/\/serstella.com.br\/site\/#website"},"datePublished":"2022-06-14T19:14:13+00:00","dateModified":"2022-06-15T14:07:29+00:00","breadcrumb":{"@id":"https:\/\/serstella.com.br\/site\/natureza-base-pedagogica\/#breadcrumb"},"inLanguage":"pt-PT","potentialAction":[{"@type":"ReadAction","target":["https:\/\/serstella.com.br\/site\/natureza-base-pedagogica\/"]}]},{"@type":"BreadcrumbList","@id":"https:\/\/serstella.com.br\/site\/natureza-base-pedagogica\/#breadcrumb","itemListElement":[{"@type":"ListItem","position":1,"name":"Home","item":"https:\/\/serstella.com.br\/site\/"},{"@type":"ListItem","position":2,"name":"Natureza"}]},{"@type":"WebSite","@id":"https:\/\/serstella.com.br\/site\/#website","url":"https:\/\/serstella.com.br\/site\/","name":"Centro Educacional Ser Stella","description":"Site oficial da Escola Ser Stella, localizada em Lorena, SP. Da Educa\u00e7\u00e3o Infantil ao Ensino Fundamental I.","publisher":{"@id":"https:\/\/serstella.com.br\/site\/#organization"},"alternateName":"Ser Stella","potentialAction":[{"@type":"SearchAction","target":{"@type":"EntryPoint","urlTemplate":"https:\/\/serstella.com.br\/site\/?s={search_term_string}"},"query-input":{"@type":"PropertyValueSpecification","valueRequired":true,"valueName":"search_term_string"}}],"inLanguage":"pt-PT"},{"@type":["Organization","Place"],"@id":"https:\/\/serstella.com.br\/site\/#organization","name":"Centro Educacional Ser Stella","url":"https:\/\/serstella.com.br\/site\/","logo":{"@id":"https:\/\/serstella.com.br\/site\/natureza-base-pedagogica\/#local-main-organization-logo"},"image":{"@id":"https:\/\/serstella.com.br\/site\/natureza-base-pedagogica\/#local-main-organization-logo"},"sameAs":["https:\/\/www.facebook.com\/ser.stella.educ\/","https:\/\/www.instagram.com\/ser.stella.educ\/"],"openingHoursSpecification":[{"@type":"OpeningHoursSpecification","dayOfWeek":["Sunday","Monday","Tuesday","Wednesday","Thursday","Friday","Saturday"],"opens":"09:00","closes":"17:00"}]},{"@type":"ImageObject","inLanguage":"pt-PT","@id":"https:\/\/serstella.com.br\/site\/natureza-base-pedagogica\/#local-main-organization-logo","url":"https:\/\/serstella.com.br\/site\/wp-content\/uploads\/2024\/10\/cropped-IMG-20241031-WA0010.jpg","contentUrl":"https:\/\/serstella.com.br\/site\/wp-content\/uploads\/2024\/10\/cropped-IMG-20241031-WA0010.jpg","width":512,"height":512,"caption":"Centro Educacional Ser Stella"}]}},"_links":{"self":[{"href":"https:\/\/serstella.com.br\/site\/wp-json\/wp\/v2\/pages\/4271","targetHints":{"allow":["GET"]}}],"collection":[{"href":"https:\/\/serstella.com.br\/site\/wp-json\/wp\/v2\/pages"}],"about":[{"href":"https:\/\/serstella.com.br\/site\/wp-json\/wp\/v2\/types\/page"}],"author":[{"embeddable":true,"href":"https:\/\/serstella.com.br\/site\/wp-json\/wp\/v2\/users\/1"}],"replies":[{"embeddable":true,"href":"https:\/\/serstella.com.br\/site\/wp-json\/wp\/v2\/comments?post=4271"}],"version-history":[{"count":11,"href":"https:\/\/serstella.com.br\/site\/wp-json\/wp\/v2\/pages\/4271\/revisions"}],"predecessor-version":[{"id":4330,"href":"https:\/\/serstella.com.br\/site\/wp-json\/wp\/v2\/pages\/4271\/revisions\/4330"}],"wp:attachment":[{"href":"https:\/\/serstella.com.br\/site\/wp-json\/wp\/v2\/media?parent=4271"}],"curies":[{"name":"wp","href":"https:\/\/api.w.org\/{rel}","templated":true}]}}